{"id":8131,"date":"2016-12-22T11:52:59","date_gmt":"2016-12-22T10:52:59","guid":{"rendered":"http:\/\/housing.urv.cat\/?page_id=8131"},"modified":"2017-02-24T12:27:29","modified_gmt":"2017-02-24T11:27:29","slug":"abstract-submission-2","status":"publish","type":"page","link":"https:\/\/housing.urv.cat\/es\/abstract-submission-2\/","title":{"rendered":"Presentaci\u00f3n de comunicaciones (abstracts)"},"content":{"rendered":"\n<style type=\"text\/css\" data-created_by=\"avia_inline_auto\" id=\"style-css-av-av_heading-b004eb7cf516de472621b9de2295379b\">\n#top .av-special-heading.av-av_heading-b004eb7cf516de472621b9de2295379b{\npadding-bottom:10px;\n}\nbody .av-special-heading.av-av_heading-b004eb7cf516de472621b9de2295379b .av-special-heading-tag .heading-char{\nfont-size:25px;\n}\n.av-special-heading.av-av_heading-b004eb7cf516de472621b9de2295379b .av-subheading{\nfont-size:15px;\n}\n<\/style>\n<div  class='av-special-heading av-av_heading-b004eb7cf516de472621b9de2295379b av-special-heading-h3  avia-builder-el-0  el_before_av_textblock  avia-builder-el-first '><h3 class='av-special-heading-tag '  itemprop=\"headline\"  >Presentaci\u00f3n de comunicaciones (abstracts)<\/h3><div class=\"special-heading-border\"><div class=\"special-heading-inner-border\"><\/div><\/div><\/div>\n<section  class='av_textblock_section av-av_textblock-75615b8b9d66df593b2db71c6a43b129 '   itemscope=\"itemscope\" itemtype=\"https:\/\/schema.org\/CreativeWork\" ><div class='avia_textblock'  itemprop=\"text\" ><p style=\"text-align: justify;\">Las comunicaciones se pueden presentar durante las sesiones paralelas del Congreso. Cada participante debe enviar un resumen de la comunicaci\u00f3n con una extensi\u00f3n m\u00e1xima de media p\u00e1gina.\u00a0<b>El plazo m\u00e1ximo\u00a0<\/b>para presentar el resumen es el<b>\u00a027 de marzo<\/b>\u00a0y se debe enviar al coordinador del workshop donde se quiere presentar la comunicaci\u00f3n. Los e-mails de los coordinadores de cada worksop son:<\/p>\n<ol style=\"text-align: justify;\">\n<li><b>Workshop 1.<\/b>\u00a0Propiedad e hipoteca. Dr. H\u00e9ctor Sim\u00f3n (<a href=\"mailto:hector.simon@urv.cat\">hector.simon@urv.cat<\/a>).<\/li>\n<li><b>Workshop 2.<\/b>\u00a0Desahucios. Gemma Caball\u00e9 (<a href=\"mailto:gemma.caballe@urv.cat\">gemma.caballe@urv.cat<\/a>).<\/li>\n<li><b>Workshop 3.<\/b>\u00a0Arrendamientos y tenencias intermedias. Rosa Maria Garcia Teruel (<a href=\"mailto:rosamaria.garciat@urv.cat)\">rosamaria.garciat@urv.cat)<\/a><\/li>\n<li><b>Workshop paralelo 4a.<\/b>\u00a0Derecho a la vivienda y sinhogarismo. N\u00faria Lambea (<a href=\"mailto:nuria.lambea@urv.cat\">nuria.lambea@urv.cat<\/a>)<\/li>\n<li><b>Workshop paralelo 4b.<\/b>\u00a0Tributaci\u00f3n de las viviendas. Dr. \u00c1ngel Urquizu (<a href=\"mailto:angel.urquizu@urv.cat\">angel.urquizu@urv.cat<\/a>).<\/li>\n<li><b>Workshop 5.<\/b>\u00a0Instrumentos, pol\u00edticas y jurisprudencia europea.<b>\u00a0<\/b>Reclamaciones colectivas y otros instrumentos para defender los derechos a la vivienda en Europa. Dr. Maria Font (<a href=\"mailto:maria.font@urv.cat\">maria.font@urv.cat<\/a>)<\/li>\n<\/ol>\n<p style=\"text-align: justify;\">Una vez realizada la aceptaci\u00f3n del resumen por el Comit\u00e9 de Revisi\u00f3n, a cada participante se le asignar\u00e1 un comentarista. El autor de la comunicaci\u00f3n deber\u00e1\u00a0<b>enviar un borrador de la comunicaci\u00f3n final al coordinador del workshop m\u00e1ximo el 20 de abril<\/b>\u00a0<b>de 2017\u00a0<\/b>para que el comentarista pueda prepararse correctamente la intervenci\u00f3n. La duraci\u00f3n de la presentaci\u00f3n ser\u00e1 de unos diez minutos aproximadamente. A continuaci\u00f3n de la misma habr\u00e1 cinco minutos m\u00e1s para la discusi\u00f3n y otros cinco de turno abierto de palabras.<\/p>\n<\/div><\/section>\n","protected":false},"excerpt":{"rendered":"","protected":false},"author":2,"featured_media":0,"parent":0,"menu_order":0,"comment_status":"closed","ping_status":"closed","template":"","meta":{"footnotes":"","_wp_rev_ctl_limit":""},"class_list":["post-8131","page","type-page","status-publish","hentry"],"_links":{"self":[{"href":"https:\/\/housing.urv.cat\/es\/wp-json\/wp\/v2\/pages\/8131","targetHints":{"allow":["GET"]}}],"collection":[{"href":"https:\/\/housing.urv.cat\/es\/wp-json\/wp\/v2\/pages"}],"about":[{"href":"https:\/\/housing.urv.cat\/es\/wp-json\/wp\/v2\/types\/page"}],"author":[{"embeddable":true,"href":"https:\/\/housing.urv.cat\/es\/wp-json\/wp\/v2\/users\/2"}],"replies":[{"embeddable":true,"href":"https:\/\/housing.urv.cat\/es\/wp-json\/wp\/v2\/comments?post=8131"}],"version-history":[{"count":4,"href":"https:\/\/housing.urv.cat\/es\/wp-json\/wp\/v2\/pages\/8131\/revisions"}],"predecessor-version":[{"id":8441,"href":"https:\/\/housing.urv.cat\/es\/wp-json\/wp\/v2\/pages\/8131\/revisions\/8441"}],"wp:attachment":[{"href":"https:\/\/housing.urv.cat\/es\/wp-json\/wp\/v2\/media?parent=8131"}],"curies":[{"name":"wp","href":"https:\/\/api.w.org\/{rel}","templated":true}]}}