{"id":33156,"date":"2022-05-10T10:10:02","date_gmt":"2022-05-10T08:10:02","guid":{"rendered":"http:\/\/housing.urv.cat\/?page_id=33156"},"modified":"2022-08-17T12:54:31","modified_gmt":"2022-08-17T10:54:31","slug":"plh","status":"publish","type":"page","link":"https:\/\/housing.urv.cat\/es\/transferencia\/plh\/","title":{"rendered":"Programas de actuaci\u00f3n municipal y planes locales de vivienda"},"content":{"rendered":"<div  class='flex_column av-2hz9sex-d8f78422ac7ead267650a7ab87bfb927 av_one_full  avia-builder-el-0  el_before_av_tab_section  avia-builder-el-no-sibling  first flex_column_div  '     ><p>\n<style type=\"text\/css\" data-created_by=\"avia_inline_auto\" id=\"style-css-av-l2ha93om-313c0e18955af4d29383a2cc01311e9f\">\n#top .av-special-heading.av-l2ha93om-313c0e18955af4d29383a2cc01311e9f{\npadding-bottom:10px;\n}\nbody .av-special-heading.av-l2ha93om-313c0e18955af4d29383a2cc01311e9f .av-special-heading-tag .heading-char{\nfont-size:25px;\n}\n.av-special-heading.av-l2ha93om-313c0e18955af4d29383a2cc01311e9f .av-subheading{\nfont-size:15px;\n}\n<\/style>\n<div  class='av-special-heading av-l2ha93om-313c0e18955af4d29383a2cc01311e9f av-special-heading-h3  avia-builder-el-1  el_before_av_hr  avia-builder-el-first '><h3 class='av-special-heading-tag '  itemprop=\"headline\"  >Programas de actuaci\u00f3n municipal de vivienda y planes locales de vivienda<\/h3><div class=\"special-heading-border\"><div class=\"special-heading-inner-border\"><\/div><\/div><\/div><br \/>\n<div  class='hr av-av_hr-91d7ccd583a503147498e120fee2ff9b hr-default  avia-builder-el-2  el_after_av_heading  el_before_av_textblock '><span class='hr-inner '><span class=\"hr-inner-style\"><\/span><\/span><\/div><br \/>\n<section  class='av_textblock_section av-l2habnag-0b2b0bda0050027ec351780bae516028 '   itemscope=\"itemscope\" itemtype=\"https:\/\/schema.org\/CreativeWork\" ><div class='avia_textblock'  itemprop=\"text\" ><p style=\"text-align: justify;\">La <strong>C\u00e1tedra UNESCO de vivienda<\/strong> de la Universidad Rovira i Virgili, en su misi\u00f3n de transferencia del conocimiento, <a href=\"https:\/\/catalunyadiari.com\/tarragonadigital\/area-metropolitana\/informe-catedra-habitatge-urv-bones-practiques-politica-realista-2021\">elabora planes de acci\u00f3n municipal y planes locales de vivienda<\/a> de los municipios que as\u00ed lo soliciten. A continuaci\u00f3n, pueden verse algunos ejemplos de los planes ya finalizados.<\/p>\n<\/div><\/section><\/p><\/div>\n<\/div><\/div><\/div><!-- close content main div --><\/div><\/div><div id='av-tab-section-1'  class='av-tab-section-container entry-content-wrapper main_color av-tab-no-transition   av-tab-above-content  avia-builder-el-4  el_after_av_one_full  avia-builder-el-last  tab-section-not-first container_wrap sidebar_right'  ><div class='av-tab-section-outer-container av-24t6beh-06dd79c4b685fc8298835927e0747520'><div class='av-tab-section-tab-title-container avia-tab-title-padding-default' role='tablist'><a href='#consejo-comarcal-de-la-conca-de-barber' data-av-tab-section-title='1' class='av-section-tab-title av-active-tab-title no-scroll av-l2hacva9-6c5cc7381dfd8940e809b1e4a5788a97 av-tab-with-icon av-tab-no-image ' role='tab' tabindex='0' aria-controls='av-tab-section-1-1'><span class='av-tab-section-icon avia-iconfont avia-font-entypo-fontello' data-av_icon='\ue84d' data-av_iconfont='entypo-fontello' ><\/span><span class='av-outer-tab-title'><span class='av-inner-tab-title'>Consejo Comarcal de la Conca de Barber\u00e0<\/span><\/span><span class=\"av-tab-arrow-container\"><span><\/span><\/span><\/a><a href='#tarragona' data-av-tab-section-title='2' class='av-section-tab-title  av-1fryh09-c5e48eb2979e6a97d9698d7434fd2e28 av-tab-with-icon av-tab-no-image ' role='tab' tabindex='0' aria-controls='av-tab-section-1-2'><span class='av-tab-section-icon avia-iconfont avia-font-entypo-fontello' data-av_icon='\ue84d' data-av_iconfont='entypo-fontello' ><\/span><span class='av-outer-tab-title'><span class='av-inner-tab-title'>Tarragona<\/span><\/span><span class=\"av-tab-arrow-container\"><span><\/span><\/span><\/a><a href='#altafulla' data-av-tab-section-title='3' class='av-section-tab-title  av-113fzax-9448458ae6d6f0be3502ac2cf181d245 av-tab-with-icon av-tab-no-image ' role='tab' tabindex='0' aria-controls='av-tab-section-1-3'><span class='av-tab-section-icon avia-iconfont avia-font-entypo-fontello' data-av_icon='\ue84d' data-av_iconfont='entypo-fontello' ><\/span><span class='av-outer-tab-title'><span class='av-inner-tab-title'>Altafulla<\/span><\/span><span class=\"av-tab-arrow-container\"><span><\/span><\/span><\/a><a href='#espluga-de-francol' data-av-tab-section-title='4' class='av-section-tab-title  av-k0hck9-7c2d8331b4257adc7db859c112bff12e av-tab-with-icon av-tab-no-image ' role='tab' tabindex='0' aria-controls='av-tab-section-1-4'><span class='av-tab-section-icon avia-iconfont avia-font-entypo-fontello' data-av_icon='\ue84d' data-av_iconfont='entypo-fontello' ><\/span><span class='av-outer-tab-title'><span class='av-inner-tab-title'>Espluga de Francol\u00ed<\/span><\/span><span class=\"av-tab-arrow-container\"><span><\/span><\/span><\/a><a href='#cabacs' data-av-tab-section-title='5' class='av-section-tab-title  av-l3shl0b5-6abcb9f3341d589dd23cdc0a02d15aa5 av-tab-with-icon av-tab-no-image ' role='tab' tabindex='0' aria-controls='av-tab-section-1-5'><span class='av-tab-section-icon avia-iconfont avia-font-entypo-fontello' data-av_icon='\ue84d' data-av_iconfont='entypo-fontello' ><\/span><span class='av-outer-tab-title'><span class='av-inner-tab-title'>Cabac\u00e9s<\/span><\/span><span class=\"av-tab-arrow-container\"><span><\/span><\/span><\/a><a href='#asc' data-av-tab-section-title='6' class='av-section-tab-title  av-l3shl7e9-e3dd45094c731091eedd55b352299d47 av-tab-with-icon av-tab-no-image ' role='tab' tabindex='0' aria-controls='av-tab-section-1-6'><span class='av-tab-section-icon avia-iconfont avia-font-entypo-fontello' data-av_icon='\ue84d' data-av_iconfont='entypo-fontello' ><\/span><span class='av-outer-tab-title'><span class='av-inner-tab-title'>Asc\u00f3<\/span><\/span><span class=\"av-tab-arrow-container\"><span><\/span><\/span><\/a><\/div><div class='av-tab-section-inner-container avia-section-default' style='width:600vw; left:0%;'><span class=\"av_prev_tab_section av_tab_navigation\"><\/span><span class=\"av_next_tab_section av_tab_navigation\"><\/span>\n\n<style type=\"text\/css\" data-created_by=\"avia_inline_auto\" id=\"style-css-av-l2hacva9-6c5cc7381dfd8940e809b1e4a5788a97\">\n.av-layout-tab.av-l2hacva9-6c5cc7381dfd8940e809b1e4a5788a97{\nvertical-align:middle;\n}\n<\/style>\n<div id='av-tab-section-1-1' class='av-layout-tab av-l2hacva9-6c5cc7381dfd8940e809b1e4a5788a97 av-animation-delay-container  avia-builder-el-5  el_before_av_tab_sub_section  avia-builder-el-first  av-active-tab-content __av_init_open ' data-av-deeplink-tabs=\"\" data-av-tab-section-content=\"1\" data-tab-section-id=\"consejo-comarcal-de-la-conca-de-barber\"><div class=\"av-layout-tab-inner\"><div class=\"container\"><section  class='av_textblock_section av-l2haqtiv-1fa1264623cbe7e0fcfd2e2822d8bf81 '   itemscope=\"itemscope\" itemtype=\"https:\/\/schema.org\/CreativeWork\" ><div class='avia_textblock'  itemprop=\"text\" ><p style=\"text-align: justify;\"><strong>Antecedentes<\/strong><\/p>\n<p style=\"text-align: justify;\">En 2019, el Consejo Comarcal de la Conca de Barber\u00e0 encarg\u00f3 a la C\u00e1tedra UNESCO de vivienda un diagn\u00f3stico previo de vivienda de esta comarca. El estudio incluye dos grandes metodolog\u00edas: por un lado, el an\u00e1lisis de datos secundarios y, por el otro, la realizaci\u00f3n de una investigaci\u00f3n cualitativa, basada en reuniones de grupo y entrevistas en profundidad. El trabajo de campo cualitativo se llev\u00f3 a cabo entre el 5 y el 12 de abril de 2019.<\/p>\n<p style=\"font-weight: 400;\">Y ahora en el a\u00f1o \u00a02022 est\u00e1 confeccionando una Diagnosis del Estado de la Vivienda en la Conca de Barber\u00e0 que permitir\u00e1 detectar y acotar las principales necesidades y problem\u00e1ticas de la comarca en materia de vivienda.<\/p>\n<p style=\"text-align: justify;\"><strong>Resultado<\/strong><\/p>\n<p style=\"text-align: justify;\">El diagn\u00f3stico previo de 2019 detect\u00f3 algunas debilidades a trabajar: se trata de una comarca con p\u00e9rdida poblacional, con viviendas poco accesibles para la gente mayor, un parque de vivienda antiguo y un gran n\u00famero de viviendas vac\u00edas, entre otras.<\/p>\n<p style=\"text-align: justify;\">Las medidas propuestas se basaron en la generaci\u00f3n de nueva vivienda, en adecuar el parque existente al envejecimiento poblacional, en medidas para hacer frente a las viviendas vac\u00edas y otras medidas de pedagog\u00eda con propietarios, arrendatarios y vecinos.<\/p>\n<p style=\"text-align: justify;\"><strong>Noticias de inter\u00e9s<\/strong><\/p>\n<p class=\"p1\" style=\"text-align: justify;\"><a href=\"https:\/\/www.novaconca.cat\/noticia\/101092\/el-consell-comarcal-inicia-la-redaccio-de-la-diagnosi-dhabitatge-de-la-conca-de-barbera\">El Consell Comarcal inicia la redacci\u00f3 de la diagnosi d\u2019habitatge de la Conca de Barber\u00e0<\/a><\/p>\n<\/div><\/section><br \/>\n\n<style type=\"text\/css\" data-created_by=\"avia_inline_auto\" id=\"style-css-av-l2hbolrh-b6bddf28b487423d1b4a5f9ae5c03559\">\n.avia-image-container.av-l2hbolrh-b6bddf28b487423d1b4a5f9ae5c03559 img.avia_image{\nbox-shadow:none;\n}\n.avia-image-container.av-l2hbolrh-b6bddf28b487423d1b4a5f9ae5c03559 .av-image-caption-overlay-center{\ncolor:#ffffff;\n}\n<\/style>\n<div  class='avia-image-container av-l2hbolrh-b6bddf28b487423d1b4a5f9ae5c03559 av-styling- avia-align-center  avia-builder-el-7  el_after_av_textblock  avia-builder-el-last '   itemprop=\"image\" itemscope=\"itemscope\" itemtype=\"https:\/\/schema.org\/ImageObject\" ><div class=\"avia-image-container-inner\"><div class=\"avia-image-overlay-wrap\"><img decoding=\"async\" fetchpriority=\"high\" class='wp-image-32975 avia-img-lazy-loading-not-32975 avia_image ' src=\"https:\/\/housing.urv.cat\/wp-content\/uploads\/2022\/04\/escut_ht_1-300x104.png\" alt='' title='escut_ht_1'  height=\"104\" width=\"300\"  itemprop=\"thumbnailUrl\"  \/><\/div><\/div><\/div><\/p>\n<\/div><\/div><\/div>\n<style type=\"text\/css\" data-created_by=\"avia_inline_auto\" id=\"style-css-av-1fryh09-c5e48eb2979e6a97d9698d7434fd2e28\">\n.av-layout-tab.av-1fryh09-c5e48eb2979e6a97d9698d7434fd2e28{\nvertical-align:middle;\n}\n<\/style>\n<div id='av-tab-section-1-2' class='av-layout-tab av-1fryh09-c5e48eb2979e6a97d9698d7434fd2e28 av-animation-delay-container  avia-builder-el-8  el_after_av_tab_sub_section  el_before_av_tab_sub_section  ' data-av-deeplink-tabs=\"\" data-av-tab-section-content=\"2\" data-tab-section-id=\"tarragona\"><div class=\"av-layout-tab-inner\"><div class=\"container\"><section  class='av_textblock_section av-l2hb14ul-30277405fba166bb4f7c4e96435efbeb '   itemscope=\"itemscope\" itemtype=\"https:\/\/schema.org\/CreativeWork\" ><div class='avia_textblock'  itemprop=\"text\" ><p style=\"text-align: justify;\"><strong>Antecedentes<\/strong><\/p>\n<div class=\"page\" title=\"Page 9\">\n<div class=\"layoutArea\">\n<div class=\"column\">\n<p>El Plan Local de Vivienda de Tarragona tiene un per\u00edodo de vigencia de seis a\u00f1os a partir de su aprobaci\u00f3n. A partir de la finalizaci\u00f3n de su vigencia, el Ayuntamiento deber\u00e1 de proceder a su revisi\u00f3n. Se le encarg\u00f3 a la C\u00e1tedra UNESCO de Vivienda la revisi\u00f3n del plan para el per\u00edodo 2021-2016.<\/p>\n<\/div>\n<\/div>\n<\/div>\n<p style=\"text-align: justify;\"><strong>Resultados<\/strong><\/p>\n<p>El an\u00e1lisis preliminar detect\u00f3 que en Tarragona existen una serie de debilidades en materia de vivienda: vulnerabilidad residencial, carencia de oferta para j\u00f3venes, desconocimiento del n\u00famero total de pisos vac\u00edos, mal estado de conservaci\u00f3n, parque de vivienda poco accesible, entre otras.<\/p>\n<p>Las medidas propuestas se destinaron a mejorar la situaci\u00f3n de vivienda de diversos colectivos (j\u00f3venes, inmigrantes, familias monoparentales, gente mayor), actuaciones sobre las personas sintecho, combatir el sinhogarismo oculto, medidas de soporte a la rehabilitaci\u00f3n, conciliaci\u00f3n entre la vivienda y el turismo, creaci\u00f3n del Consejo de Vivienda de Tarragona, entre otros.<\/p>\n<p style=\"text-align: justify;\">El documento del plan se encuentra en el siguiente <a href=\"https:\/\/smhausa.cat\/wp-content\/uploads\/2022\/02\/PLH-2021-2026.pdf\">enlace<\/a>.<\/p>\n<p style=\"text-align: justify;\"><strong>Noticias de inter\u00e9s<\/strong><\/p>\n<div>\n<p style=\"font-weight: 400;\"><a href=\"https:\/\/www.tarragona.cat\/la-ciutat\/noticies\/ciutadania-noticies\/noticies-2020\/s2019inicia-un-nou-proces-participatiu-del-pla-local-de-l2019habitatge-de-tarragona\">S\u2019inicia un nou proc\u00e9s participatiu del Pla Local de l\u2019Habitatge de Tarragona<\/a><\/p>\n<p style=\"font-weight: 400;\"><a href=\"https:\/\/www.tarragona.cat\/lajuntament\/govern\/noticies-de-govern-i-oposicio\/noticies-2022\/el-ple-de-lajuntament-aprova-el-pla-local-dhabitatge\">El ple de l&#8217;Ajuntament aprova el Pla Local d&#8217;Habitatge<\/a><\/p>\n<div><a href=\"https:\/\/www.diarimes.com\/noticies\/tarragona\/2022\/03\/31\/l_ajuntament_tarragona_constitueix_consell_habitatge_120329_1091.html\" target=\"_blank\" rel=\"noopener noreferrer\" data-auth=\"NotApplicable\" data-linkindex=\"1\">L\u2019Ajuntament de Tarragona constitueix el Consell de l\u2019Habitatge<\/a><\/div>\n<\/div>\n<\/div><\/section><br \/>\n\n<style type=\"text\/css\" data-created_by=\"avia_inline_auto\" id=\"style-css-av-l2hbpkme-9ef940cf943b9a2bf6ce9198fd54eebf\">\n.avia-image-container.av-l2hbpkme-9ef940cf943b9a2bf6ce9198fd54eebf img.avia_image{\nbox-shadow:none;\n}\n.avia-image-container.av-l2hbpkme-9ef940cf943b9a2bf6ce9198fd54eebf .av-image-caption-overlay-center{\ncolor:#ffffff;\n}\n<\/style>\n<div  class='avia-image-container av-l2hbpkme-9ef940cf943b9a2bf6ce9198fd54eebf av-styling- avia-align-center  avia-builder-el-10  el_after_av_textblock  avia-builder-el-last '   itemprop=\"image\" itemscope=\"itemscope\" itemtype=\"https:\/\/schema.org\/ImageObject\" ><div class=\"avia-image-container-inner\"><div class=\"avia-image-overlay-wrap\"><img decoding=\"async\" fetchpriority=\"high\" class='wp-image-14036 avia-img-lazy-loading-not-14036 avia_image ' src=\"https:\/\/housing.urv.cat\/wp-content\/uploads\/2014\/01\/logo_ajuntament_tarragona_gran1-300x212.jpg\" alt='' title='logo_ajuntament_tarragona_gran'  height=\"212\" width=\"300\"  itemprop=\"thumbnailUrl\"  \/><\/div><\/div><\/div><\/p>\n<\/div><\/div><\/div>\n<style type=\"text\/css\" data-created_by=\"avia_inline_auto\" id=\"style-css-av-113fzax-9448458ae6d6f0be3502ac2cf181d245\">\n.av-layout-tab.av-113fzax-9448458ae6d6f0be3502ac2cf181d245{\nvertical-align:middle;\n}\n<\/style>\n<div id='av-tab-section-1-3' class='av-layout-tab av-113fzax-9448458ae6d6f0be3502ac2cf181d245 av-animation-delay-container  avia-builder-el-11  el_after_av_tab_sub_section  el_before_av_tab_sub_section  ' data-av-deeplink-tabs=\"\" data-av-tab-section-content=\"3\" data-tab-section-id=\"altafulla\"><div class=\"av-layout-tab-inner\"><div class=\"container\"><section  class='av_textblock_section av-l2hb9m5p-c7a6fef3f42bb954f8990c6efffe5571 '   itemscope=\"itemscope\" itemtype=\"https:\/\/schema.org\/CreativeWork\" ><div class='avia_textblock'  itemprop=\"text\" ><p style=\"text-align: justify;\"><strong>Antecedentes<\/strong><\/p>\n<div class=\"page\" title=\"Page 9\">\n<div class=\"layoutArea\">\n<div class=\"column\">\n<p>En 2021, el Ayuntamiento de Altafulla le encarga a la C\u00e1tedra UNESCO de vivienda un Plan de Actuaci\u00f3n Municipal para hacer frente a las dificultades de acceder a una vivienda asequible en este municipio.<\/p>\n<\/div>\n<\/div>\n<\/div>\n<p style=\"text-align: justify;\"><strong>Resultados<\/strong><\/p>\n<p>El an\u00e1lisis preliminar detect\u00f3 falta de vivienda asequible en Altafulla: muchas viviendas son segundas residencias que no est\u00e1n adaptadas a un uso de vivienda permanente (p. ej. con malas condiciones de eficiencia energ\u00e9tica), mientras que otras, o bien est\u00e1n en mal estado, o bien son de dimensiones y calidades no siempre accesibles a los j\u00f3venes de la poblaci\u00f3n. El Plan de Actuaci\u00f3n Municipal propuso una serie de medidas para fomentar la eficiencia energ\u00e9tica y la rehabilitaci\u00f3n de las viviendas, la creaci\u00f3n de una bolsa de vivienda asequible, la diversificaci\u00f3n de las tenencias, entre otras.<\/p>\n<p>El plan de Altafulla est\u00e1 disponible en el siguiente <a href=\"https:\/\/www.altafulla.cat\/ficheros\/Programa_d%27Actuacio_Municipal_Habitatge_ALTAFULLA_FINAL_2020-2025.pdf\">enlace<\/a>.<\/p>\n<p style=\"text-align: justify;\"><strong>Noticias de inter\u00e9s<\/strong><\/p>\n<p class=\"p1\"><a href=\"https:\/\/www.altafulles.cat\/lajuntament-i-la-catedra-de-lhabitatge-de-la-urv-preparen-un-pla-que-detecti-les-mancances-en-habitatge-i-proposi-les-solucions\/\">L\u2019Ajuntament i la C\u00e0tedra de l\u2019Habitatge de la URV preparen un pla que detecti les mancances en habitatge i proposi les solucions. Altafulles<\/a><\/p>\n<p class=\"p1\"><a href=\"https:\/\/www.ccma.cat\/tv3\/telenoticies\/tn-comarques\/\">Un pla per l\u2019habitatge a Altafulla<\/a><\/p>\n<p class=\"p2\"><a href=\"https:\/\/altafullaradio.cat\/noticia\/id11726\">La C\u00e0tedra d\u2019Habitatge de la URV insta el plenari d\u2019Altafulla a tirar endavant de manera consensuada les accions proposades al PAMH<\/a><\/p>\n<p class=\"p2\"><a href=\"https:\/\/tac12.tv\/altafulla\/arxiu-altafulla\/item\/20323-el-programa-d-actuacio-municipal-d-habitatge-d-altafulla-compta-amb-una-quinzena-d-actuacions\">La URV proposa a Altafulla un full de ruta en pol\u00edtiques d\u2019habitatge<\/a><\/p>\n<p class=\"p2\"><a href=\"https:\/\/www.youtube.com\/watch?v=VAy32RwgjKg\">Audi\u00e8ncia P\u00fablica: Presentaci\u00f3 del Programa d\u2019Actuaci\u00f3 Municipal d\u2019Habitatge. Altafulla<\/a><\/p>\n<\/div><\/section><br \/>\n\n<style type=\"text\/css\" data-created_by=\"avia_inline_auto\" id=\"style-css-av-l2hbu49g-b17cdbd3824cfce23986d899a256b49e\">\n.avia-image-container.av-l2hbu49g-b17cdbd3824cfce23986d899a256b49e img.avia_image{\nbox-shadow:none;\n}\n.avia-image-container.av-l2hbu49g-b17cdbd3824cfce23986d899a256b49e .av-image-caption-overlay-center{\ncolor:#ffffff;\n}\n<\/style>\n<div  class='avia-image-container av-l2hbu49g-b17cdbd3824cfce23986d899a256b49e av-styling- avia-align-center  avia-builder-el-13  el_after_av_textblock  avia-builder-el-last '   itemprop=\"image\" itemscope=\"itemscope\" itemtype=\"https:\/\/schema.org\/ImageObject\" ><div class=\"avia-image-container-inner\"><div class=\"avia-image-overlay-wrap\"><img decoding=\"async\" fetchpriority=\"high\" class='wp-image-32979 avia-img-lazy-loading-not-32979 avia_image ' src=\"https:\/\/housing.urv.cat\/wp-content\/uploads\/2022\/04\/download.png\" alt='' title='download'  height=\"128\" width=\"256\"  itemprop=\"thumbnailUrl\"  \/><\/div><\/div><\/div><\/p>\n<\/div><\/div><\/div>\n<style type=\"text\/css\" data-created_by=\"avia_inline_auto\" id=\"style-css-av-k0hck9-7c2d8331b4257adc7db859c112bff12e\">\n.av-layout-tab.av-k0hck9-7c2d8331b4257adc7db859c112bff12e{\nvertical-align:middle;\n}\n<\/style>\n<div id='av-tab-section-1-4' class='av-layout-tab av-k0hck9-7c2d8331b4257adc7db859c112bff12e av-animation-delay-container  avia-builder-el-14  el_after_av_tab_sub_section  el_before_av_tab_sub_section  ' data-av-deeplink-tabs=\"\" data-av-tab-section-content=\"4\" data-tab-section-id=\"espluga-de-francol\"><div class=\"av-layout-tab-inner\"><div class=\"container\"><section  class='av_textblock_section av-l2hbfy96-28859815831eec11fa72e871535c3d6e '   itemscope=\"itemscope\" itemtype=\"https:\/\/schema.org\/CreativeWork\" ><div class='avia_textblock'  itemprop=\"text\" ><p style=\"text-align: justify;\"><strong>Antecedentes<\/strong><\/p>\n<p>El Ayuntamiento de Espluga de Francol\u00ed le encarg\u00f3 a la C\u00e1tedra UNESCO de Vivienda la elaboraci\u00f3n de un Plan de Actuaci\u00f3n Municipal de Vivienda 2021-2025 para programar sus pol\u00edticas municipales en esta materia.<\/p>\n<p style=\"text-align: justify;\"><strong>Resultados<\/strong><\/p>\n<p>El estudio detect\u00f3 una serie de debilidades, como el riesgo de p\u00e9rdida de\u00a0 poblaci\u00f3n joven, crecimiento natural negativo, renta media inferior a otros municipios de la Conca de Barber\u00e0, viviendas en muy mal estado, desconocimiento del n\u00famero total de pisos vac\u00edos, poca din\u00e1mica constructiva, elevados precios de los alquileres, etc. Atendiendo a estas debilidades, las medidas propuestas se centraron en promover vivienda de nueva construcci\u00f3n a la vez que fomentar la rehabilitaci\u00f3n, captar vivienda para el sector social, aplicar medidas de intervenci\u00f3n administrativa por el incumplimiento de los deberes de conservaci\u00f3n, mejorar la accesibilidad universal de las viviendas, fomento de la eficiencia energ\u00e9tica y varias medidas de difusi\u00f3n sobre la materia.<\/p>\n<p>El plan de Espluga de Francol\u00ed est\u00e1 disponible en el siguiente <a href=\"https:\/\/www.esplugadefrancoli.cat\/wp-content\/uploads\/2022\/02\/PAMH-ESPLUGA-DE-FRANCOLI_v17_12_2021_v1.pdf\">enlace<\/a>.<\/p>\n<p style=\"text-align: justify;\"><strong>Noticias de inter\u00e9s<\/strong><\/p>\n<p class=\"p1\"><a href=\"https:\/\/www.tac12.tv\/l-espluga-de-francoli\/arxiu-l-espluga-de-francoli\/item\/15355-l-ajuntament-de-l-espluga-inicia-un-pla-d-habitatge-amb-la-urv\">L\u2019Ajuntament de l\u2019Espluga de Francol\u00ed inicia un pla d\u2019habitatge amb la C\u00e0tedra UNESCO d\u2019habitatge de la URV<\/a><\/p>\n<p><a href=\"https:\/\/tarragonadigital.com\/conca-de-barbera\/programa-despoblament-joves-espluga-francoli-2020\">L&#8217;Espluga de Francol\u00ed impulsa un estudi per revertir el despoblament i el desarrelament dels joves al municipi<\/a><\/p>\n<p style=\"font-weight: 400;\"><a href=\"https:\/\/catalunyadiari.com\/tarragonadigital\/conca-de-barbera\/promocio-ajuts-habitatge-espluga-francoli-2022\">L&#8217;Ajuntament de l&#8217;Espluga de Francol\u00ed promociona els ajuts en mat\u00e8ria d&#8217;habitatge<\/a><\/p>\n<p style=\"font-weight: 400;\"><a href=\"https:\/\/catalunyadiari.com\/tarragonadigital\/conca-de-barbera\/consell-habitatge-espluga-francoli-2022\">L&#8217;Ajuntament de l&#8217;Espluga de Francol\u00ed proposa crear el Consell de l&#8217;Habitatge<\/a><\/p>\n<p><a href=\"https:\/\/www.efmr.cat\/blog\/2022\/06\/15\/es-crea-el-consell-de-lhabitatge-de-lespluga-de-francoli\/\">Es crea el Consell de l\u2019Habitatge de l\u2019Espluga de Francol\u00ed<\/a><\/p>\n<p style=\"font-weight: 400;\"><a href=\"https:\/\/tac12.tv\/l-espluga-de-francoli\/arxiu-l-espluga-de-francoli\/item\/23879-l-espluga-constitueix-el-consell-de-l-habitatge\">L&#8217;Espluga constitueix el Consell de l&#8217;Habitatge<\/a><\/p>\n<p style=\"font-weight: 400;\"><a href=\"https:\/\/www.novaconca.cat\/noticia\/151457\/es-constitueix-el-consell-de-lhabitatge-de-lespluga-de-francoli-amb-participacio-dadminist\">Es constitueix el Consell de l\u2019Habitatge de l\u2019Espluga de Francol\u00ed amb participaci\u00f3 d\u2019administracions p\u00fabliques, entitats i sector privat<\/a><\/p>\n<\/div><\/section><br \/>\n\n<style type=\"text\/css\" data-created_by=\"avia_inline_auto\" id=\"style-css-av-l2hbts1f-4068e780c11a5df53326ec1a955f14e6\">\n.avia-image-container.av-l2hbts1f-4068e780c11a5df53326ec1a955f14e6 img.avia_image{\nbox-shadow:none;\n}\n.avia-image-container.av-l2hbts1f-4068e780c11a5df53326ec1a955f14e6 .av-image-caption-overlay-center{\ncolor:#ffffff;\n}\n<\/style>\n<div  class='avia-image-container av-l2hbts1f-4068e780c11a5df53326ec1a955f14e6 av-styling- avia-align-center  avia-builder-el-16  el_after_av_textblock  avia-builder-el-last '   itemprop=\"image\" itemscope=\"itemscope\" itemtype=\"https:\/\/schema.org\/ImageObject\" ><div class=\"avia-image-container-inner\"><div class=\"avia-image-overlay-wrap\"><img decoding=\"async\" fetchpriority=\"high\" class='wp-image-32985 avia-img-lazy-loading-not-32985 avia_image ' src=\"https:\/\/housing.urv.cat\/wp-content\/uploads\/2022\/04\/Pasted-Graphic-300x137.png\" alt='' title='Pasted Graphic'  height=\"137\" width=\"300\"  itemprop=\"thumbnailUrl\"  \/><\/div><\/div><\/div><\/p>\n<\/div><\/div><\/div>\n<style type=\"text\/css\" data-created_by=\"avia_inline_auto\" id=\"style-css-av-l3shl0b5-6abcb9f3341d589dd23cdc0a02d15aa5\">\n.av-layout-tab.av-l3shl0b5-6abcb9f3341d589dd23cdc0a02d15aa5{\nvertical-align:middle;\n}\n<\/style>\n<div id='av-tab-section-1-5' class='av-layout-tab av-l3shl0b5-6abcb9f3341d589dd23cdc0a02d15aa5 av-animation-delay-container  avia-builder-el-17  el_after_av_tab_sub_section  el_before_av_tab_sub_section  ' data-av-deeplink-tabs=\"\" data-av-tab-section-content=\"5\" data-tab-section-id=\"cabacs\"><div class=\"av-layout-tab-inner\"><div class=\"container\"><section  class='av_textblock_section av-l3sk8vn4-9882ca05e3a7d1db40ad08c6f7ad299b '   itemscope=\"itemscope\" itemtype=\"https:\/\/schema.org\/CreativeWork\" ><div class='avia_textblock'  itemprop=\"text\" ><p style=\"text-align: justify;\"><strong>Antecedentes<\/strong><\/p>\n<p style=\"text-align: justify;\">Cabac\u00e9s es un municipio del Priorat (Tarragona) de poco m\u00e1s de 300 habitantes, que encarg\u00f3 su plan de vivienda a la C\u00e1tedra UNESCO de Vivienda de la Universidad Rovira i Virgili. El trabajo de campo cualitativo y el posterior estudio de medidas se lleva a cabo entre el 2021 y el primer semestre de 2022.<\/p>\n<p style=\"text-align: justify;\"><strong>Resultados<\/strong><\/p>\n<p style=\"text-align: justify;\">En la diagnosis se detect\u00f3 que cada vez hay menos habitantes en el municipio, sobre todo familias, lo que puede acarrear el cierre inminente de la escuela p\u00fablica. Adem\u00e1s, aunque el municipio tiene una buena conexi\u00f3n a Internet, dispone de pocos servicios y dificultades para llegar a otras poblaciones. Sin embargo, ante la necesidad de atraer poblaci\u00f3n, se encuentran en que la oferta de vivienda disponible es escasa.<\/p>\n<p style=\"text-align: justify;\">Por ello, se proponen las siguientes medidas: incentivos para la construcci\u00f3n privada de vivienda social, explorar tenencias alternativas a la propiedad y al alquiler, llevar a cabo planes piloto de masoveria urbana en edificios vac\u00edos, programa de vivienda para j\u00f3venes, rehabilitaci\u00f3n de viviendas del municipio con doble uso (comercial + vivienda), medidas de fomento de la accesibilidad y de la eficiencia energ\u00e9tica, entre otras.<\/p>\n<p style=\"text-align: justify;\"><strong>Noticias de inter\u00e9s<\/strong><\/p>\n<p><a href=\"https:\/\/www.nord.cab\/2021\/11\/30\/la-urv-i-lajuntament-conviden-els-veins-a-parlar-dhabitatge\/\">La URV i l\u2019Ajuntament conviden els ve\u00efns a parlar d\u2019habitatge<\/a><\/p>\n<p><img loading=\"lazy\" decoding=\"async\" class=\"aligncenter size-square wp-image-33740\" src=\"http:\/\/housing.urv.cat\/wp-content\/uploads\/2022\/05\/download-180x180.png\" alt=\"\" width=\"180\" height=\"180\" \/><\/p>\n<\/div><\/section>\n<\/div><\/div><\/div>\n<style type=\"text\/css\" data-created_by=\"avia_inline_auto\" id=\"style-css-av-l3shl7e9-e3dd45094c731091eedd55b352299d47\">\n.av-layout-tab.av-l3shl7e9-e3dd45094c731091eedd55b352299d47{\nvertical-align:middle;\n}\n<\/style>\n<div id='av-tab-section-1-6' class='av-layout-tab av-l3shl7e9-e3dd45094c731091eedd55b352299d47 av-animation-delay-container  avia-builder-el-19  el_after_av_tab_sub_section  avia-builder-el-last  ' data-av-deeplink-tabs=\"\" data-av-tab-section-content=\"6\" data-tab-section-id=\"asc\"><div class=\"av-layout-tab-inner\"><div class=\"container\"><section  class='av_textblock_section av-l3skmzeo-61cf2d885a904a2a68815cc2c492c388 '   itemscope=\"itemscope\" itemtype=\"https:\/\/schema.org\/CreativeWork\" ><div class='avia_textblock'  itemprop=\"text\" ><p style=\"text-align: justify;\"><strong>Antecedentes<\/strong><\/p>\n<p style=\"text-align: justify;\">El Ayuntamiento de Asc\u00f3 encarga durante el 2022 a la C\u00e1tedra UNESCO de Vivienda de la Universidad Rovira i Virgili la elaboraci\u00f3n de su Plan de Actuaci\u00f3n Municipal en Vivienda.<\/p>\n<p style=\"text-align: justify;\"><strong>Resultados<\/strong><\/p>\n<p style=\"text-align: justify;\">En estos momentos, el equipo de la C\u00e1tedra UNESCO de Vivienda est\u00e1 detectando cu\u00e1les son los principales retos y oportunidades de este municipio, analizando en los pr\u00f3ximos meses las medidas m\u00e1s adecuadas para incrementar el parque de vivienda asequible.<\/p>\n<p style=\"text-align: justify;\"><strong>Noticias de inter\u00e9s<\/strong><\/p>\n<p style=\"text-align: justify;\"><a href=\"https:\/\/www.youtube.com\/watch?v=SjPwxf1_fHY\">El Ayuntamiento de Asc\u00f3 encarga un plan de actuaci\u00f3n para la vivienda en la C\u00e1tedra Unesco<\/a><\/p>\n<p><a href=\"https:\/\/www.youtube.com\/watch?v=izHRczbmPf8\">Es presenta el pla d&#8217;actuaci\u00f3 municipal d&#8217;habitatge a Asc\u00f3<\/a><\/p>\n<p><img loading=\"lazy\" decoding=\"async\" class=\"aligncenter wp-image-33743 \" src=\"http:\/\/housing.urv.cat\/wp-content\/uploads\/2022\/05\/download-1.png\" alt=\"\" width=\"129\" height=\"186\" \/><\/p>\n<\/div><\/section>\n<\/div><\/div><\/div><\/div><\/div><\/div>\n","protected":false},"excerpt":{"rendered":"","protected":false},"author":2,"featured_media":0,"parent":9291,"menu_order":0,"comment_status":"closed","ping_status":"closed","template":"","meta":{"footnotes":"","_wp_rev_ctl_limit":""},"class_list":["post-33156","page","type-page","status-publish","hentry"],"_links":{"self":[{"href":"https:\/\/housing.urv.cat\/es\/wp-json\/wp\/v2\/pages\/33156","targetHints":{"allow":["GET"]}}],"collection":[{"href":"https:\/\/housing.urv.cat\/es\/wp-json\/wp\/v2\/pages"}],"about":[{"href":"https:\/\/housing.urv.cat\/es\/wp-json\/wp\/v2\/types\/page"}],"author":[{"embeddable":true,"href":"https:\/\/housing.urv.cat\/es\/wp-json\/wp\/v2\/users\/2"}],"replies":[{"embeddable":true,"href":"https:\/\/housing.urv.cat\/es\/wp-json\/wp\/v2\/comments?post=33156"}],"version-history":[{"count":5,"href":"https:\/\/housing.urv.cat\/es\/wp-json\/wp\/v2\/pages\/33156\/revisions"}],"predecessor-version":[{"id":34583,"href":"https:\/\/housing.urv.cat\/es\/wp-json\/wp\/v2\/pages\/33156\/revisions\/34583"}],"up":[{"embeddable":true,"href":"https:\/\/housing.urv.cat\/es\/wp-json\/wp\/v2\/pages\/9291"}],"wp:attachment":[{"href":"https:\/\/housing.urv.cat\/es\/wp-json\/wp\/v2\/media?parent=33156"}],"curies":[{"name":"wp","href":"https:\/\/api.w.org\/{rel}","templated":true}]}}