{"id":3105,"date":"2014-01-22T12:58:12","date_gmt":"2014-01-22T11:58:12","guid":{"rendered":"http:\/\/housing.urv.cat\/?page_id=3105"},"modified":"2022-01-21T13:29:42","modified_gmt":"2022-01-21T12:29:42","slug":"catedra","status":"publish","type":"page","link":"https:\/\/housing.urv.cat\/es\/portada\/presentacion\/catedra\/","title":{"rendered":"Qu\u00e9 es la c\u00e1tedra"},"content":{"rendered":"<article  class='iconbox iconbox_left av-av_icon_box-26e0fa237f4a24c63f03d755b2012085  avia-builder-el-0  el_before_av_icon_box  avia-builder-el-first '  itemscope=\"itemscope\" itemtype=\"https:\/\/schema.org\/CreativeWork\" ><div class=\"iconbox_content\"><header class=\"entry-content-header\" aria-label=\"Icon: Presentaci\u00f3n\"><div class='iconbox_icon heading-color avia-iconfont avia-font-entypo-fontello' data-av_icon='' data-av_iconfont='entypo-fontello'  ><\/div><h3 class='iconbox_content_title '  itemprop=\"headline\" >Presentaci\u00f3n<\/h3><\/header><div class='iconbox_content_container '  itemprop=\"text\" ><p style=\"text-align: justify;\">La C\u00e1tedra UNESCO de Vivienda de la Universidad Rovira i Virgili fue creada por el Consejo de Gobierno de la Universidad el 11 de julio de 2013. Es el resultado de la investigaci\u00f3n y proyectos sobre vivienda que se ven\u00edan haciendo en el \u00e1mbito jur\u00eddico desde 1996 por parte del Grupo de Investigaci\u00f3n de Acceso a la vivienda. Tiene como objetivo crear una plataforma estable en investigaci\u00f3n, docencia y transferencia de conocimientos en materia de vivienda desde un punto de vista interdisciplinar e internacional. Es la primera C\u00e1tedra UNESCO de vivienda del mundo.<\/p>\n<p>La crisis econ\u00f3mica iniciada el 2007 ha puesto de manif<img loading=\"lazy\" decoding=\"async\" class=\"size-medium wp-image-8892 alignright\" src=\"http:\/\/housing.urv.cat\/wp-content\/uploads\/2013\/07\/logo-icrea_2-300x124.png\" alt=\"\" width=\"300\" height=\"124\" \/>iesto la importancia que la vivienda tiene tanto para la econom\u00eda como para las personas. La vivienda es, de hecho, el \u00fanico bien que a la vez es un importante activo financiero y un derecho humano.<\/p>\n<p>Por ello, organizamos nuestra investigaci\u00f3n en cuatro pilares: l<strong>a vivienda como derecho humano, el acceso a la vivienda, la gesti\u00f3n y la organizaci\u00f3n de la vivienda y la vivienda como activo financiero<\/strong>. Nuestra labor ha merecido la concesi\u00f3n del premio <a href=\"https:\/\/www.icrea.cat\/es\">ICREA Academia<\/a> 2016-2020.<\/p>\n<p>El impacto social de la l\u00ednea de investigaci\u00f3n en vivienda persigue facilitar el acceso a la vivienda de las familias y evitar su p\u00e9rdida. Las evidencias hasta el momento de su impacto social son la c<strong>ontribuci\u00f3n en la elaboraci\u00f3n de cinco leyes de vivienda<\/strong>, impactando de este modo en 47 millones de personas.<\/p>\n<\/div><\/div><footer class=\"entry-footer\"><\/footer><\/article>\n<article  class='iconbox iconbox_left av-av_icon_box-b77464a73c2352e0baab8122b6e1cef1  avia-builder-el-1  el_after_av_icon_box  el_before_av_icon_box '  itemscope=\"itemscope\" itemtype=\"https:\/\/schema.org\/CreativeWork\" ><div class=\"iconbox_content\"><header class=\"entry-content-header\" aria-label=\"Icon: Objetivos\"><div class='iconbox_icon heading-color avia-iconfont avia-font-entypo-fontello' data-av_icon='\ue871' data-av_iconfont='entypo-fontello'  ><\/div><h3 class='iconbox_content_title '  itemprop=\"headline\" >Objetivos<\/h3><\/header><div class='iconbox_content_container '  itemprop=\"text\" ><p>La C\u00e1tedra UNESCO de Vivienda URV desarrolla tareas de investigaci\u00f3n, docencia y transferencia de conocimientos especializados.<\/p>\n<p>En relaci\u00f3n\u00a0a la <strong>investigaci\u00f3n<\/strong>, las l\u00edneas desarrolladas por\u00a0la C\u00e1tedra, a trav\u00e9s del <a href=\"http:\/\/housing.urv.cat\/es\/portada\/investigacion\/housing-research-group\/\">Grupo de investigaci\u00f3n en Vivienda<\/a> (HRG), abarcan todas las cuestiones relacionadas con la vivienda desde un punto de vista interdisciplinar e internacional. Las\u00a0l\u00edneas de investigaci\u00f3n de la C\u00e1tedra est\u00e1n financiadas con proyectos de investigaci\u00f3n de nivel tanto nacional como internacional.<\/p>\n<p>En cuanto a la <strong>docencia<\/strong>, la C\u00e1tedra garantiza una docencia especializada, basada en la investigaci\u00f3n, y destinada tanto a los profesionales del mercado inmobiliario y de la vivienda, como los trabajadores de las Administraciones p\u00fablicas y responsables pol\u00edticos como a los ciudadanos en general.<\/p>\n<p>En cuanto a la <strong>transferencia<\/strong>, queremos acercar los resultados de nuestra investigaci\u00f3n en la sociedad y que esta lo perciba como un retorno para mejorar el acceso a la vivienda de las familias.<\/p>\n<p>Prestando especial atenci\u00f3n al <strong>impacto social<\/strong> de nuestro trabajo, queremos generar una mejora real en la sociedad en todo lo relativo a la vivienda.<\/p>\n<\/div><\/div><footer class=\"entry-footer\"><\/footer><\/article>\n<article  class='iconbox iconbox_left av-av_icon_box-89fc61dfc6a8af0ff1bbb45b0e40627a  avia-builder-el-2  el_after_av_icon_box  el_before_av_image '  itemscope=\"itemscope\" itemtype=\"https:\/\/schema.org\/CreativeWork\" ><div class=\"iconbox_content\"><header class=\"entry-content-header\" aria-label=\"Icon: Actividad per\u00edodo 1996-2018\"><div class='iconbox_icon heading-color avia-iconfont avia-font-entypo-fontello' data-av_icon='\ue82e' data-av_iconfont='entypo-fontello'  ><\/div><h3 class='iconbox_content_title '  itemprop=\"headline\" >Actividad per\u00edodo 1996-2018<\/h3><\/header><div class='iconbox_content_container '  itemprop=\"text\" ><\/div><\/div><footer class=\"entry-footer\"><\/footer><\/article>\n\n<style type=\"text\/css\" data-created_by=\"avia_inline_auto\" id=\"style-css-av-av_image-c235861458e4590444248be7daa6e560\">\n.avia-image-container.av-av_image-c235861458e4590444248be7daa6e560 img.avia_image{\nbox-shadow:none;\n}\n.avia-image-container.av-av_image-c235861458e4590444248be7daa6e560 .av-image-caption-overlay-center{\ncolor:#ffffff;\n}\n<\/style>\n<div  class='avia-image-container av-av_image-c235861458e4590444248be7daa6e560 av-styling- avia-align-center  avia-builder-el-3  el_after_av_icon_box  el_before_av_hr '   itemprop=\"image\" itemscope=\"itemscope\" itemtype=\"https:\/\/schema.org\/ImageObject\" ><div class=\"avia-image-container-inner\"><div class=\"avia-image-overlay-wrap\"><img decoding=\"async\" fetchpriority=\"high\" class='wp-image- avia-img-lazy-loading-not- avia_image ' src=\"http:\/\/housing.urv.cat\/wp-content\/uploads\/2018\/07\/PosterGeneralMAR2018-5-pdf.jpg\" alt='' title=''   itemprop=\"thumbnailUrl\"  \/><\/div><\/div><\/div>\n<div  class='hr av-av_hr-d3021aff4e2c88ff75459fd6b3a45a12 hr-default  avia-builder-el-4  el_after_av_image  el_before_av_icon_box '><span class='hr-inner '><span class=\"hr-inner-style\"><\/span><\/span><\/div>\n<article  class='iconbox iconbox_left av-av_icon_box-0ba4c4a2a5b2cf3cec38cedf1f5b26a7  avia-builder-el-5  el_after_av_hr  el_before_av_toggle_container '  itemscope=\"itemscope\" itemtype=\"https:\/\/schema.org\/CreativeWork\" ><div class=\"iconbox_content\"><header class=\"entry-content-header\" aria-label=\"Icon: Objetivos fundacionales\"><div class='iconbox_icon heading-color avia-iconfont avia-font-entypo-fontello' data-av_icon='\ue821' data-av_iconfont='entypo-fontello'  ><\/div><h3 class='iconbox_content_title '  itemprop=\"headline\" >Objetivos fundacionales<\/h3><\/header><div class='iconbox_content_container '  itemprop=\"text\" ><\/div><\/div><footer class=\"entry-footer\"><\/footer><\/article>\n<div  class='togglecontainer av-av_toggle_container-8812a63cbc37bcd0d66199109d348345  avia-builder-el-6  el_after_av_icon_box  el_before_av_hr ' >\n<section class='av_toggle_section av-av_toggle-84af9dd4f85bfe04429c8422dccb9b59'  itemscope=\"itemscope\" itemtype=\"https:\/\/schema.org\/CreativeWork\" ><div role=\"tablist\" class=\"single_toggle\" data-tags=\"{Todo} \"  ><p id='toggle-toggle-id-1' data-fake-id='#toggle-id-1' class='toggler  av-title-above '  itemprop=\"headline\"  role='tab' tabindex='0' aria-controls='toggle-id-1' data-slide-speed=\"200\" data-title=\"1) En primer lugar, impulsar los trabajos de investigaci\u00f3n centrados en vivienda a nivel local, nacional e internacional. En esta primera fase de creaci\u00f3n de la c\u00e1tedra se perseguir\u00e1n dos objetivos, entorno a los dos extremos de la consideraci\u00f3n de la vivienda: como derecho fundamental y como activo financiero. De esta forma, se tiene:\" data-title-open=\"\" data-aria_collapsed=\"Click to expand: 1) En primer lugar, impulsar los trabajos de investigaci\u00f3n centrados en vivienda a nivel local, nacional e internacional. En esta primera fase de creaci\u00f3n de la c\u00e1tedra se perseguir\u00e1n dos objetivos, entorno a los dos extremos de la consideraci\u00f3n de la vivienda: como derecho fundamental y como activo financiero. De esta forma, se tiene:\" data-aria_expanded=\"Click to collapse: 1) En primer lugar, impulsar los trabajos de investigaci\u00f3n centrados en vivienda a nivel local, nacional e internacional. En esta primera fase de creaci\u00f3n de la c\u00e1tedra se perseguir\u00e1n dos objetivos, entorno a los dos extremos de la consideraci\u00f3n de la vivienda: como derecho fundamental y como activo financiero. De esta forma, se tiene:\">1) En primer lugar, impulsar los trabajos de investigaci\u00f3n centrados en vivienda a nivel local, nacional e internacional. En esta primera fase de creaci\u00f3n de la c\u00e1tedra se perseguir\u00e1n dos objetivos, entorno a los dos extremos de la consideraci\u00f3n de la vivienda: como derecho fundamental y como activo financiero. De esta forma, se tiene:<span class=\"toggle_icon\"><span class=\"vert_icon\"><\/span><span class=\"hor_icon\"><\/span><\/span><\/p><div id='toggle-id-1' aria-labelledby='toggle-toggle-id-1' role='region' class='toggle_wrap  av-title-above'  ><div class='toggle_content invers-color '  itemprop=\"text\" ><p style=\"text-align: justify;\">a) En la vivienda tiene lugar el desarrollo individual y familiar de la persona, es decir, es un espacio que garantiza el l<strong>ibre desarrollo de la personalidad<\/strong>. En este punto se plantean diversos retos en la actualidad, como pueden ser los siguientes:<\/p>\n<ul style=\"text-align: justify;\">\n<li>La vivienda social en alquiler, es decir, c\u00f3mo <strong>gestionar<\/strong> la vivienda p\u00fablica de la forma m\u00e1s eficiente posible, posibilitando al ciudadano con menos recursos una vivienda digna y adecuada. La realidad muestra que los parques p\u00fablicos de vivienda son deficitarios y, por tanto, es necesario profesionalizar y viabilizar estos parques..<\/li>\n<\/ul>\n<ul style=\"text-align: justify;\">\n<li>Analizar la forma de <strong>optimizar las formas de tenencia inmobiliaria en la actualidad<\/strong>, como son, por ejemplo, la propiedad, la propiedad horizontal, el alquiler, el aprovechamiento por turnos de bienes inmuebles de uso tur\u00edstico, cooperativas de vivienda, derecho de superficie y censo enfit\u00e9utico. En este sentido, un nuevo modelo de innovaci\u00f3n social para la provisi\u00f3n de viviendas ha sido el modelo de cooperativa impulsado por <i>Sostre C\u00edvic<\/i>.<\/li>\n<\/ul>\n<ul style=\"text-align: justify;\">\n<li>La <strong>identificaci\u00f3n de nuevas f\u00f3rmulas de innovaci\u00f3n de tenencias de vivienda<\/strong>, es decir, nuevos reg\u00edmenes de tenencia inmobiliaria, como puede ser la propiedad temporal y la propiedad compartida, que el legislador catal\u00e1n tiene intenci\u00f3n de regular como formas alternativas de acceso a la vivienda para dar salida a los 3,5 millones de viviendas vac\u00edas.<\/li>\n<\/ul>\n<p>b) En cuanto a la vivienda como bien de inversi\u00f3n y consumo, los puntos de inter\u00e9s y retos en este punto son los siguientes:<\/p>\n<ul>\n<li>\u00a0En general, la <strong>financiaci\u00f3n hipotecaria<\/strong> de la vivienda. Dentro de este \u00e1mbito se pueden incluir el an\u00e1lisis de las operaciones activas y pasivas del mercado hipotecario, es decir, la flexibilidad, seguridad y eficiencia de la hipoteca como derecho real de garant\u00eda inmobiliaria, como la titulizaci\u00f3n de pr\u00e9stamos hipotecarios como mecanismo de refinanciaci\u00f3n del sistema financiero.<\/li>\n<\/ul>\n<ul>\n<li>La <strong>informaci\u00f3n y protecci\u00f3n en la compraventa y el alquiler<\/strong>. Relacionado con el derecho de los consumidores y usuarios que prev\u00e9n deberes de informaci\u00f3n precontractual a cumplir por el empresario. En este sentido, el <i>Grupo de Investigaci\u00f3n de Acceso a la Vivienda<\/i> de la URV redact\u00f3 el texto del Proyecto de Ley que actualmente se discute en el Parlamento catal\u00e1n, que tiene como principal objetivo modificar el C\u00f3digo de Consumo y proteger de una forma \u00f3ptima a los consumidores..<\/li>\n<\/ul>\n<ul>\n<li><strong>Responsabilidad civil<\/strong> en la construcci\u00f3n de edificios.<\/li>\n<\/ul>\n<ul>\n<li>El contracto de obra.<\/li>\n<\/ul>\n<ul>\n<li>La permuta de solar por edificaci\u00f3n futura.<\/li>\n<\/ul>\n<ul>\n<li>La declaraci\u00f3n de obra nueva y licencia de obras.<\/li>\n<\/ul>\n<\/div><\/div><\/div><\/section>\n<section class='av_toggle_section av-av_toggle-024921041b58418de8210144d17b5ac3'  itemscope=\"itemscope\" itemtype=\"https:\/\/schema.org\/CreativeWork\" ><div role=\"tablist\" class=\"single_toggle\" data-tags=\"{Todo} \"  ><p id='toggle-toggle-id-2' data-fake-id='#toggle-id-2' class='toggler  av-title-above '  itemprop=\"headline\"  role='tab' tabindex='0' aria-controls='toggle-id-2' data-slide-speed=\"200\" data-title=\"2) En segundo lugar, la C\u00e1tedra de Vivienda llevar\u00e1 a cabo actividades de formaci\u00f3n (cursos, jornadas, FURV, etc.) es decir, de soporte de actividades que contribuyen a mejorar la formaci\u00f3n de los agentes econ\u00f3micos del territorio involucrados en el fen\u00f3meno de la vivienda. \" data-title-open=\"\" data-aria_collapsed=\"Click to expand: 2) En segundo lugar, la C\u00e1tedra de Vivienda llevar\u00e1 a cabo actividades de formaci\u00f3n (cursos, jornadas, FURV, etc.) es decir, de soporte de actividades que contribuyen a mejorar la formaci\u00f3n de los agentes econ\u00f3micos del territorio involucrados en el fen\u00f3meno de la vivienda. \" data-aria_expanded=\"Click to collapse: 2) En segundo lugar, la C\u00e1tedra de Vivienda llevar\u00e1 a cabo actividades de formaci\u00f3n (cursos, jornadas, FURV, etc.) es decir, de soporte de actividades que contribuyen a mejorar la formaci\u00f3n de los agentes econ\u00f3micos del territorio involucrados en el fen\u00f3meno de la vivienda. \">2) En segundo lugar, la C\u00e1tedra de Vivienda llevar\u00e1 a cabo actividades de formaci\u00f3n (cursos, jornadas, FURV, etc.) es decir, de soporte de actividades que contribuyen a mejorar la formaci\u00f3n de los agentes econ\u00f3micos del territorio involucrados en el fen\u00f3meno de la vivienda. <span class=\"toggle_icon\"><span class=\"vert_icon\"><\/span><span class=\"hor_icon\"><\/span><\/span><\/p><div id='toggle-id-2' aria-labelledby='toggle-toggle-id-2' role='region' class='toggle_wrap  av-title-above'  ><div class='toggle_content invers-color '  itemprop=\"text\" ><p>Toggle Content goes here<\/p>\n<\/div><\/div><\/div><\/section>\n<section class='av_toggle_section av-av_toggle-cc44f3904d971f846c8f64aa73bf9b93'  itemscope=\"itemscope\" itemtype=\"https:\/\/schema.org\/CreativeWork\" ><div role=\"tablist\" class=\"single_toggle\" data-tags=\"{Todo} \"  ><p id='toggle-toggle-id-3' data-fake-id='#toggle-id-3' class='toggler  av-title-above '  itemprop=\"headline\"  role='tab' tabindex='0' aria-controls='toggle-id-3' data-slide-speed=\"200\" data-title=\"3) En tercer lugar, se pretende llevar a cabo actividades de transferencia de conocimientos y divulgaci\u00f3n cient\u00edfica, tanto a nivel local, nacional como internacional, y tanto a instituciones privadas como p\u00fablicas. De hecho, Espa\u00f1a, a diferencia de otros pa\u00edses (ex. Pa\u00edses Bajos, Inglaterra), no tiene tradici\u00f3n en el estudio interdisciplinar de la vivienda: no hay grados ni posgrados (todos sectoriales: arquitectura, derecho, administraci\u00f3n, etc.) y s\u00f3lo una c\u00e1tedra (Zaragoza). Por tanto, la primera c\u00e1tedra en Catalu\u00f1a y la segunda de Espa\u00f1a (primera, de hecho, con vocaci\u00f3n m\u00e1s all\u00e1 del \u00e1mbito local).\" data-title-open=\"\" data-aria_collapsed=\"Click to expand: 3) En tercer lugar, se pretende llevar a cabo actividades de transferencia de conocimientos y divulgaci\u00f3n cient\u00edfica, tanto a nivel local, nacional como internacional, y tanto a instituciones privadas como p\u00fablicas. De hecho, Espa\u00f1a, a diferencia de otros pa\u00edses (ex. Pa\u00edses Bajos, Inglaterra), no tiene tradici\u00f3n en el estudio interdisciplinar de la vivienda: no hay grados ni posgrados (todos sectoriales: arquitectura, derecho, administraci\u00f3n, etc.) y s\u00f3lo una c\u00e1tedra (Zaragoza). Por tanto, la primera c\u00e1tedra en Catalu\u00f1a y la segunda de Espa\u00f1a (primera, de hecho, con vocaci\u00f3n m\u00e1s all\u00e1 del \u00e1mbito local).\" data-aria_expanded=\"Click to collapse: 3) En tercer lugar, se pretende llevar a cabo actividades de transferencia de conocimientos y divulgaci\u00f3n cient\u00edfica, tanto a nivel local, nacional como internacional, y tanto a instituciones privadas como p\u00fablicas. De hecho, Espa\u00f1a, a diferencia de otros pa\u00edses (ex. Pa\u00edses Bajos, Inglaterra), no tiene tradici\u00f3n en el estudio interdisciplinar de la vivienda: no hay grados ni posgrados (todos sectoriales: arquitectura, derecho, administraci\u00f3n, etc.) y s\u00f3lo una c\u00e1tedra (Zaragoza). Por tanto, la primera c\u00e1tedra en Catalu\u00f1a y la segunda de Espa\u00f1a (primera, de hecho, con vocaci\u00f3n m\u00e1s all\u00e1 del \u00e1mbito local).\">3) En tercer lugar, se pretende llevar a cabo actividades de transferencia de conocimientos y divulgaci\u00f3n cient\u00edfica, tanto a nivel local, nacional como internacional, y tanto a instituciones privadas como p\u00fablicas. De hecho, Espa\u00f1a, a diferencia de otros pa\u00edses (ex. Pa\u00edses Bajos, Inglaterra), no tiene tradici\u00f3n en el estudio interdisciplinar de la vivienda: no hay grados ni posgrados (todos sectoriales: arquitectura, derecho, administraci\u00f3n, etc.) y s\u00f3lo una c\u00e1tedra (Zaragoza). Por tanto, la primera c\u00e1tedra en Catalu\u00f1a y la segunda de Espa\u00f1a (primera, de hecho, con vocaci\u00f3n m\u00e1s all\u00e1 del \u00e1mbito local).<span class=\"toggle_icon\"><span class=\"vert_icon\"><\/span><span class=\"hor_icon\"><\/span><\/span><\/p><div id='toggle-id-3' aria-labelledby='toggle-toggle-id-3' role='region' class='toggle_wrap  av-title-above'  ><div class='toggle_content invers-color '  itemprop=\"text\" ><p>Toggle Content goes here<\/p>\n<\/div><\/div><\/div><\/section>\n<\/div>\n<div  class='hr av-av_hr-d3021aff4e2c88ff75459fd6b3a45a12 hr-default  avia-builder-el-7  el_after_av_toggle_container  el_before_av_icon_box '><span class='hr-inner '><span class=\"hr-inner-style\"><\/span><\/span><\/div>\n<article  class='iconbox iconbox_left av-av_icon_box-3ed191567ef3edd7e974374dfa495dd1  avia-builder-el-8  el_after_av_hr  el_before_av_toggle_container '  itemscope=\"itemscope\" itemtype=\"https:\/\/schema.org\/CreativeWork\" ><div class=\"iconbox_content\"><header class=\"entry-content-header\" aria-label=\"Icon: Investigaci\u00f3n previa (2010-2013)\"><div class='iconbox_icon heading-color avia-svg-icon avia-font-svg_entypo-fontello' data-av_svg_icon='34' data-av_iconset='svg_entypo-fontello' ><\/div><h3 class='iconbox_content_title '  itemprop=\"headline\" >Investigaci\u00f3n previa (2010-2013)<\/h3><\/header><div class='iconbox_content_container '  itemprop=\"text\" ><p style=\"text-align: justify;\">A t\u00edtulo de ejemplo, el Grupo de Investigaci\u00f3n de Acceso a la Vivienda ha llevado a cabo las siguientes actividades vinculadas a la actividad cient\u00edfica con anterioridad a la creaci\u00f3n de esta C\u00e1tedra desde 2010.<\/p>\n<\/div><\/div><footer class=\"entry-footer\"><\/footer><\/article>\n<div  class='togglecontainer av-kyodraz6-fd94a25a43cde3c2adec327e614fbb80  avia-builder-el-9  el_after_av_icon_box  el_before_av_hr ' >\n<section class='av_toggle_section av-av_toggle-0d2c184c44c4438f713a8b4412ab19e3'  itemscope=\"itemscope\" itemtype=\"https:\/\/schema.org\/CreativeWork\" ><div role=\"tablist\" class=\"single_toggle\" data-tags=\"{Todo} \"  ><p id='toggle-toggle-id-4' data-fake-id='#toggle-id-4' class='toggler  av-title-above '  itemprop=\"headline\"  role='tab' tabindex='0' aria-controls='toggle-id-4' data-slide-speed=\"200\" data-title=\"a) Publicaciones internacionales y nacionales:\" data-title-open=\"\" data-aria_collapsed=\"Click to expand: a) Publicaciones internacionales y nacionales:\" data-aria_expanded=\"Click to collapse: a) Publicaciones internacionales y nacionales:\">a) Publicaciones internacionales y nacionales:<span class=\"toggle_icon\"><span class=\"vert_icon\"><\/span><span class=\"hor_icon\"><\/span><\/span><\/p><div id='toggle-id-4' aria-labelledby='toggle-toggle-id-4' role='region' class='toggle_wrap  av-title-above'  ><div class='toggle_content invers-color '  itemprop=\"text\" ><p>&#8211; A revistas internacionales: European Journal of Property Law\u201d; \u201cEuropean Review of Private Law\u201d; \u201cSilesian Journal of Legal Studies\u201d, \u201cInternational Journal of Land Law and Agricultural Science\u201d (GIPUR), \u201cLegal affairs and dispute resolution in engineering and construction\u201d (USA).<\/p>\n<p>&#8211; Libros y cap\u00edtulos de libro: \u201cEl acceso a al vivienda en un contexto de crisis\u201d (2011); \u201cLa optimizaci\u00f3n de la hipoteca espa\u00f1ola desde la perspectiva europea\u201d (2011); \u201cThe future of European property law\u201d (2012).<\/p>\n<p>-Revistas espa\u00f1olas de impacto: Revista Cr\u00edtica de Derecho Inmobiliario, Diario la Ley, Anuario de Derecho Civil.<\/p>\n<\/div><\/div><\/div><\/section>\n<section class='av_toggle_section av-av_toggle-e0940cb4f4b9db4a9e7c9895d27ae2f9'  itemscope=\"itemscope\" itemtype=\"https:\/\/schema.org\/CreativeWork\" ><div role=\"tablist\" class=\"single_toggle\" data-tags=\"{Todo} \"  ><p id='toggle-toggle-id-5' data-fake-id='#toggle-id-5' class='toggler  av-title-above '  itemprop=\"headline\"  role='tab' tabindex='0' aria-controls='toggle-id-5' data-slide-speed=\"200\" data-title=\"b) Organizaci\u00f3n y asistencia en acontecimientos cient\u00edficos\" data-title-open=\"\" data-aria_collapsed=\"Click to expand: b) Organizaci\u00f3n y asistencia en acontecimientos cient\u00edficos\" data-aria_expanded=\"Click to collapse: b) Organizaci\u00f3n y asistencia en acontecimientos cient\u00edficos\">b) Organizaci\u00f3n y asistencia en acontecimientos cient\u00edficos<span class=\"toggle_icon\"><span class=\"vert_icon\"><\/span><span class=\"hor_icon\"><\/span><\/span><\/p><div id='toggle-id-5' aria-labelledby='toggle-toggle-id-5' role='region' class='toggle_wrap  av-title-above'  ><div class='toggle_content invers-color '  itemprop=\"text\" ><ul style=\"text-align: justify;\">\n<li>III Congreso Internacional de Vivienda (Tarragona, mayo 010). Libro: \u201cEl acceso a la vivienda en un contexto de crisis\u201d (EDISOFER, 2011).<\/li>\n<li>Coorganizaci\u00f3n Workshop Internacional de aspectos legales sobre vivienda, en Granada (marzo 2011).<\/li>\n<li>Coorganizaci\u00f3n Seminario sobre Acceso a la Vivienda en Valladolidad (2012).<\/li>\n<li>Organizaci\u00f3n del 25 Congreso de la European Netwoek for Housing research: overcoming the crisis: integrating the urban envirorment, del 19 al 22 de junio de 2013. La organizaci\u00f3n recibi\u00f3 480 comunicaciones de m\u00e1s de 40 pa\u00edses. En las sesiones plenarias que han tenido lugar, se han abordado tem\u00e1ticas tan relevantes como la crisis de vivienda en Europa, novas formas de tenencia inmobiliaria, la integraci\u00f3n de la vivienda construida o el planteamiento de nuevos puntos de vista normativos para superar la crisis. Adem\u00e1s, tambi\u00e9n se organizaron 27 Workshops y un monogr\u00e1fico sobre la actual crisis de la vivienda en Espa\u00f1a. Tuvo un importante impacto medi\u00e1tico que puede verse en: <a href=\"http:\/\/bit.ly\/14taOqT\">http:\/\/bit.ly\/14taOqT.<\/a><\/li>\n<li>Asistencia en congresos de \u00e1mbito nacional e internacional (p.e. <i>Contemporary Housing Issues in a Changing Europe<\/i>, Galway, 2012; y congresos anteriores ENHR, Lillehammer 2012, Toulouse 2011\u2026).<\/li>\n<\/ul>\n<\/div><\/div><\/div><\/section>\n<section class='av_toggle_section av-av_toggle-5c200497b3e19622226878c771da59c2'  itemscope=\"itemscope\" itemtype=\"https:\/\/schema.org\/CreativeWork\" ><div role=\"tablist\" class=\"single_toggle\" data-tags=\"{Todo} \"  ><p id='toggle-toggle-id-6' data-fake-id='#toggle-id-6' class='toggler  av-title-above '  itemprop=\"headline\"  role='tab' tabindex='0' aria-controls='toggle-id-6' data-slide-speed=\"200\" data-title=\"c) Participaci\u00f3n en proposiciones legislativas\" data-title-open=\"\" data-aria_collapsed=\"Click to expand: c) Participaci\u00f3n en proposiciones legislativas\" data-aria_expanded=\"Click to collapse: c) Participaci\u00f3n en proposiciones legislativas\">c) Participaci\u00f3n en proposiciones legislativas<span class=\"toggle_icon\"><span class=\"vert_icon\"><\/span><span class=\"hor_icon\"><\/span><\/span><\/p><div id='toggle-id-6' aria-labelledby='toggle-toggle-id-6' role='region' class='toggle_wrap  av-title-above'  ><div class='toggle_content invers-color '  itemprop=\"text\" ><ul style=\"text-align: justify;\">\n<li>Anteproyecto de modificaci\u00f3n del C\u00f3digo de Consumo de Catalu\u00f1a \u2013 2011-2013<\/li>\n<li>Proposici\u00f3n de Ley sobre protecci\u00f3n de los consumidores en el \u00e1mbito hipotecario \u2013 2011<\/li>\n<li>Participaci\u00f3n en la <i>Mesa de Alquiler para la Reforma de la LAU<\/i> \u2013 2012<\/li>\n<li><i>Grupo Motor del Plan Estatal de Vivienda Ministerio de Fomento<\/i> 2011-2012<\/li>\n<li>Comisi\u00f3n de Codificaci\u00f3n de Catalu\u00f1a (tenencias intermedias) \u2013 2012<\/li>\n<\/ul>\n<\/div><\/div><\/div><\/section>\n<section class='av_toggle_section av-av_toggle-194e524ec048d23569ab6ef0c2e46a00'  itemscope=\"itemscope\" itemtype=\"https:\/\/schema.org\/CreativeWork\" ><div role=\"tablist\" class=\"single_toggle\" data-tags=\"{Todo} \"  ><p id='toggle-toggle-id-7' data-fake-id='#toggle-id-7' class='toggler  av-title-above '  itemprop=\"headline\"  role='tab' tabindex='0' aria-controls='toggle-id-7' data-slide-speed=\"200\" data-title=\"d) Formaci\u00f3n encargada y transferencia de conocimientos\" data-title-open=\"\" data-aria_collapsed=\"Click to expand: d) Formaci\u00f3n encargada y transferencia de conocimientos\" data-aria_expanded=\"Click to collapse: d) Formaci\u00f3n encargada y transferencia de conocimientos\">d) Formaci\u00f3n encargada y transferencia de conocimientos<span class=\"toggle_icon\"><span class=\"vert_icon\"><\/span><span class=\"hor_icon\"><\/span><\/span><\/p><div id='toggle-id-7' aria-labelledby='toggle-toggle-id-7' role='region' class='toggle_wrap  av-title-above'  ><div class='toggle_content invers-color '  itemprop=\"text\" ><ul style=\"text-align: justify;\">\n<li>Elaboraci\u00f3n de Dict\u00e1menes (Ayuntamiento de Reus; Diputaci\u00f3n de Barcelona\u2026)<\/li>\n<li>Direcci\u00f3n e impartici\u00f3n de docencia en el M\u00e1ster de Mediaci\u00f3n y Gesti\u00f3n de Conflictos (Fundaci\u00f3n URV, 2012-2014)<\/li>\n<li>Participaci\u00f3n en la Semana de la Ciencia URV (2010 y 2011)<\/li>\n<li>Organizaci\u00f3n del Curso de Administradores de Fincas y Agentes de la Propiedad Inmobiliaria (Fundaci\u00f3n URV, 2011 i 2013)<\/li>\n<li>Conferencias de car\u00e1cter cient\u00edfico en Instituciones privadas y p\u00fablicas.<\/li>\n<\/ul>\n<\/div><\/div><\/div><\/section>\n<section class='av_toggle_section av-av_toggle-e8edb465a742d1f111b8e53cef481df0'  itemscope=\"itemscope\" itemtype=\"https:\/\/schema.org\/CreativeWork\" ><div role=\"tablist\" class=\"single_toggle\" data-tags=\"{Todo} \"  ><p id='toggle-toggle-id-8' data-fake-id='#toggle-id-8' class='toggler  av-title-above '  itemprop=\"headline\"  role='tab' tabindex='0' aria-controls='toggle-id-8' data-slide-speed=\"200\" data-title=\"e) Participaci\u00f3n en proyectos de investigaci\u00f3n\" data-title-open=\"\" data-aria_collapsed=\"Click to expand: e) Participaci\u00f3n en proyectos de investigaci\u00f3n\" data-aria_expanded=\"Click to collapse: e) Participaci\u00f3n en proyectos de investigaci\u00f3n\">e) Participaci\u00f3n en proyectos de investigaci\u00f3n<span class=\"toggle_icon\"><span class=\"vert_icon\"><\/span><span class=\"hor_icon\"><\/span><\/span><\/p><div id='toggle-id-8' aria-labelledby='toggle-toggle-id-8' role='region' class='toggle_wrap  av-title-above'  ><div class='toggle_content invers-color '  itemprop=\"text\" ><ul style=\"text-align: justify;\">\n<li>Mobilidad de investigadores (MCINN, 2009 y 2010)<\/li>\n<li>Departamento de Justicia Generalitat de Catalu\u00f1a (2010)<\/li>\n<li>AGAUR-Generalitat de Catalu\u00f1a (PBR 2011)<\/li>\n<li>Departament d&#8217;Habitatge-Generalitat de Catalu\u00f1a (2011-2013)<\/li>\n<li>7\u00e8 Programa Marco UE \u2013 Partner del Grupo Europeo de Alquiler TENLAW\u00a0 \u2013 <i>Tenancy law and housing policy in multi-level Europe<\/i> (2012-2016)<\/li>\n<li>Proyecto \u201cTin\u00e8ncies Interm\u00e8dies\u201d MEYC (2013-2015)<\/li>\n<\/ul>\n<\/div><\/div><\/div><\/section>\n<section class='av_toggle_section av-av_toggle-08fdbfa64dd7263c4e4b0539cfa7859c'  itemscope=\"itemscope\" itemtype=\"https:\/\/schema.org\/CreativeWork\" ><div role=\"tablist\" class=\"single_toggle\" data-tags=\"{Todo} \"  ><p id='toggle-toggle-id-9' data-fake-id='#toggle-id-9' class='toggler  av-title-above '  itemprop=\"headline\"  role='tab' tabindex='0' aria-controls='toggle-id-9' data-slide-speed=\"200\" data-title=\"f) Proyectos solicitados\" data-title-open=\"\" data-aria_collapsed=\"Click to expand: f) Proyectos solicitados\" data-aria_expanded=\"Click to collapse: f) Proyectos solicitados\">f) Proyectos solicitados<span class=\"toggle_icon\"><span class=\"vert_icon\"><\/span><span class=\"hor_icon\"><\/span><\/span><\/p><div id='toggle-id-9' aria-labelledby='toggle-toggle-id-9' role='region' class='toggle_wrap  av-title-above'  ><div class='toggle_content invers-color '  itemprop=\"text\" ><ul>\n<li>M\u00f3dulo Mediaci\u00f3n\u2013 Jean Monnet (2013-2016, pendiente de resoluci\u00f3n)<\/li>\n<\/ul>\n<ul>\n<li>Otros proyectos a nivel nacional<\/li>\n<\/ul>\n<\/div><\/div><\/div><\/section>\n<section class='av_toggle_section av-kyodr8q4-91d084538fd57baac50695eb38d2030d'  itemscope=\"itemscope\" itemtype=\"https:\/\/schema.org\/CreativeWork\" ><div role=\"tablist\" class=\"single_toggle\" data-tags=\"{Todo} \"  ><p id='toggle-toggle-id-10' data-fake-id='#toggle-id-10' class='toggler  av-title-above '  itemprop=\"headline\"  role='tab' tabindex='0' aria-controls='toggle-id-10' data-slide-speed=\"200\" data-title=\"g) Relaci\u00f3n con otros Grupos de Investigaci\u00f3n\" data-title-open=\"\" data-aria_collapsed=\"Click to expand: g) Relaci\u00f3n con otros Grupos de Investigaci\u00f3n\" data-aria_expanded=\"Click to collapse: g) Relaci\u00f3n con otros Grupos de Investigaci\u00f3n\">g) Relaci\u00f3n con otros Grupos de Investigaci\u00f3n<span class=\"toggle_icon\"><span class=\"vert_icon\"><\/span><span class=\"hor_icon\"><\/span><\/span><\/p><div id='toggle-id-10' aria-labelledby='toggle-toggle-id-10' role='region' class='toggle_wrap  av-title-above'  ><div class='toggle_content invers-color '  itemprop=\"text\" ><ul>\n<li>GIPUR<\/li>\n<\/ul>\n<ul>\n<li>Eurohipoteca<\/li>\n<\/ul>\n<ul>\n<li>RUNDER TISCH (VdP, <a href=\"http:\/\/www.pfandbrief.de\" target=\"_blank\" rel=\"noopener\"><span style=\"text-decoration: underline;\">www.pfandbrief.de<\/span><\/a>)<\/li>\n<\/ul>\n<ul>\n<li>COMMON CORE OF EUROPEAN PRIVATE LAW (<a href=\"http:\/\/www.common-core.org\" target=\"_blank\" rel=\"noopener\"><span style=\"text-decoration: underline;\">www.common-core.org<\/span><\/a>)<\/li>\n<\/ul>\n<\/div><\/div><\/div><\/section>\n<\/div>\n<div  class='hr av-av_hr-d3021aff4e2c88ff75459fd6b3a45a12 hr-default  avia-builder-el-10  el_after_av_toggle_container  el_before_av_slideshow '><span class='hr-inner '><span class=\"hr-inner-style\"><\/span><\/span><\/div>\n<div  class='avia-slideshow av-av_slideshow-dea8067e1ebe7e00e62c983ab6dd9829 avia-slideshow-medium av_slideshow avia-slide-slider  avia-builder-el-11  el_after_av_hr  avia-builder-el-last  av-slideshow-ui av-control-default av-slideshow-autoplay av-loop-endless av-loop-manual-endless av-default-height-applied avia-slideshow-1' data-slideshow-options=\"{&quot;animation&quot;:&quot;slide&quot;,&quot;autoplay&quot;:true,&quot;loop_autoplay&quot;:&quot;endless&quot;,&quot;interval&quot;:4,&quot;loop_manual&quot;:&quot;manual-endless&quot;,&quot;autoplay_stopper&quot;:false,&quot;noNavigation&quot;:false,&quot;bg_slider&quot;:false,&quot;keep_padding&quot;:false,&quot;hoverpause&quot;:false,&quot;show_slide_delay&quot;:0}\"  itemprop=\"image\" itemscope=\"itemscope\" itemtype=\"https:\/\/schema.org\/ImageObject\" ><ul class='avia-slideshow-inner ' style='padding-bottom: 74.666666666667%;'><li  class='avia-slideshow-slide av-av_slideshow-dea8067e1ebe7e00e62c983ab6dd9829__0  slide-1 slide-odd'><div data-rel='slideshow-1' class='avia-slide-wrap '   ><img decoding=\"async\" fetchpriority=\"high\" class=\"wp-image-12230 avia-img-lazy-loading-not-12230\"  src=\"https:\/\/housing.urv.cat\/wp-content\/uploads\/2013\/07\/140219_catedra_habitatge_6.jpg\" width=\"300\" height=\"224\" title='140219_catedra_habitatge_6' alt=''  itemprop=\"thumbnailUrl\"   \/><\/div><\/li><li  class='avia-slideshow-slide av-av_slideshow-dea8067e1ebe7e00e62c983ab6dd9829__1  slide-2 slide-even'><div data-rel='slideshow-1' class='avia-slide-wrap '   ><img decoding=\"async\" fetchpriority=\"high\" class=\"wp-image-12228 avia-img-lazy-loading-not-12228\"  src=\"https:\/\/housing.urv.cat\/wp-content\/uploads\/2013\/07\/140219_catedra_habitatge_5.jpg\" width=\"300\" height=\"224\" title='140219_catedra_habitatge_5' alt=''  itemprop=\"thumbnailUrl\"   \/><\/div><\/li><li  class='avia-slideshow-slide av-av_slideshow-dea8067e1ebe7e00e62c983ab6dd9829__2  slide-3 slide-odd'><div data-rel='slideshow-1' class='avia-slide-wrap '   ><img decoding=\"async\" fetchpriority=\"high\" class=\"wp-image-12226 avia-img-lazy-loading-not-12226\"  src=\"https:\/\/housing.urv.cat\/wp-content\/uploads\/2013\/07\/140219_catedra_habitatge_4.jpg\" width=\"300\" height=\"224\" title='140219_catedra_habitatge_4' alt=''  itemprop=\"thumbnailUrl\"   \/><\/div><\/li><li  class='avia-slideshow-slide av-av_slideshow-dea8067e1ebe7e00e62c983ab6dd9829__3  slide-4 slide-even'><div data-rel='slideshow-1' class='avia-slide-wrap '   ><img decoding=\"async\" fetchpriority=\"high\" class=\"wp-image-12224 avia-img-lazy-loading-not-12224\"  src=\"https:\/\/housing.urv.cat\/wp-content\/uploads\/2013\/07\/140219_catedra_habitatge_3.jpg\" width=\"300\" height=\"224\" title='140219_catedra_habitatge_3' alt=''  itemprop=\"thumbnailUrl\"   \/><\/div><\/li><li  class='avia-slideshow-slide av-av_slideshow-dea8067e1ebe7e00e62c983ab6dd9829__4  slide-5 slide-odd'><div data-rel='slideshow-1' class='avia-slide-wrap '   ><img decoding=\"async\" fetchpriority=\"high\" class=\"wp-image-12222 avia-img-lazy-loading-not-12222\"  src=\"https:\/\/housing.urv.cat\/wp-content\/uploads\/2013\/07\/140219_catedra_habitatge_2.jpg\" width=\"300\" height=\"224\" title='140219_catedra_habitatge_2' alt=''  itemprop=\"thumbnailUrl\"   \/><\/div><\/li><li  class='avia-slideshow-slide av-av_slideshow-dea8067e1ebe7e00e62c983ab6dd9829__5  slide-6 slide-even'><div data-rel='slideshow-1' class='avia-slide-wrap '   ><img decoding=\"async\" fetchpriority=\"high\" class=\"wp-image-12220 avia-img-lazy-loading-not-12220\"  src=\"https:\/\/housing.urv.cat\/wp-content\/uploads\/2013\/07\/140219_catedra_habitatge_1.jpg\" width=\"300\" height=\"224\" title='140219_catedra_habitatge_1' alt=''  itemprop=\"thumbnailUrl\"   \/><\/div><\/li><\/ul><div class='avia-slideshow-arrows avia-slideshow-controls' ><a href='#prev' class='prev-slide  avia-svg-icon avia-font-svg_entypo-fontello' data-av_svg_icon='left-open-big' data-av_iconset='svg_entypo-fontello' tabindex='-1' title=\"Anterior\"><svg version=\"1.1\" xmlns=\"http:\/\/www.w3.org\/2000\/svg\" width=\"15\" height=\"32\" viewBox=\"0 0 15 32\" preserveAspectRatio=\"xMidYMid meet\" aria-labelledby='av-svg-title-1' aria-describedby='av-svg-desc-1' role=\"graphics-symbol\" aria-hidden=\"true\">\n<title id='av-svg-title-1'>Anterior<\/title>\n<desc id='av-svg-desc-1'>Anterior<\/desc>\n<path d=\"M14.464 27.84q0.832 0.832 0 1.536-0.832 0.832-1.536 0l-12.544-12.608q-0.768-0.768 0-1.6l12.544-12.608q0.704-0.832 1.536 0 0.832 0.704 0 1.536l-11.456 11.904z\"><\/path>\n<\/svg><span class='avia_hidden_link_text'>Anterior<\/span><\/a><a href='#next' class='next-slide  avia-svg-icon avia-font-svg_entypo-fontello' data-av_svg_icon='right-open-big' data-av_iconset='svg_entypo-fontello' tabindex='-1' title=\"Posterior\"><svg version=\"1.1\" xmlns=\"http:\/\/www.w3.org\/2000\/svg\" width=\"15\" height=\"32\" viewBox=\"0 0 15 32\" preserveAspectRatio=\"xMidYMid meet\" aria-labelledby='av-svg-title-2' aria-describedby='av-svg-desc-2' role=\"graphics-symbol\" aria-hidden=\"true\">\n<title id='av-svg-title-2'>Posterior<\/title>\n<desc id='av-svg-desc-2'>Posterior<\/desc>\n<path d=\"M0.416 27.84l11.456-11.84-11.456-11.904q-0.832-0.832 0-1.536 0.832-0.832 1.536 0l12.544 12.608q0.768 0.832 0 1.6l-12.544 12.608q-0.704 0.832-1.536 0-0.832-0.704 0-1.536z\"><\/path>\n<\/svg><span class='avia_hidden_link_text'>Posterior<\/span><\/a><\/div><div class='avia-slideshow-dots avia-slideshow-controls'><a href='#1' class='goto-slide active' >1<\/a><a href='#2' class='goto-slide ' >2<\/a><a href='#3' class='goto-slide ' >3<\/a><a href='#4' class='goto-slide ' >4<\/a><a href='#5' class='goto-slide ' >5<\/a><a href='#6' class='goto-slide ' >6<\/a><\/div><\/div>\n","protected":false},"excerpt":{"rendered":"","protected":false},"author":2,"featured_media":0,"parent":3166,"menu_order":0,"comment_status":"open","ping_status":"closed","template":"","meta":{"footnotes":"","_wp_rev_ctl_limit":""},"class_list":["post-3105","page","type-page","status-publish","hentry"],"_links":{"self":[{"href":"https:\/\/housing.urv.cat\/es\/wp-json\/wp\/v2\/pages\/3105","targetHints":{"allow":["GET"]}}],"collection":[{"href":"https:\/\/housing.urv.cat\/es\/wp-json\/wp\/v2\/pages"}],"about":[{"href":"https:\/\/housing.urv.cat\/es\/wp-json\/wp\/v2\/types\/page"}],"author":[{"embeddable":true,"href":"https:\/\/housing.urv.cat\/es\/wp-json\/wp\/v2\/users\/2"}],"replies":[{"embeddable":true,"href":"https:\/\/housing.urv.cat\/es\/wp-json\/wp\/v2\/comments?post=3105"}],"version-history":[{"count":5,"href":"https:\/\/housing.urv.cat\/es\/wp-json\/wp\/v2\/pages\/3105\/revisions"}],"predecessor-version":[{"id":31250,"href":"https:\/\/housing.urv.cat\/es\/wp-json\/wp\/v2\/pages\/3105\/revisions\/31250"}],"up":[{"embeddable":true,"href":"https:\/\/housing.urv.cat\/es\/wp-json\/wp\/v2\/pages\/3166"}],"wp:attachment":[{"href":"https:\/\/housing.urv.cat\/es\/wp-json\/wp\/v2\/media?parent=3105"}],"curies":[{"name":"wp","href":"https:\/\/api.w.org\/{rel}","templated":true}]}}