{"id":4036,"date":"2014-06-05T07:36:16","date_gmt":"2014-06-05T05:36:16","guid":{"rendered":"http:\/\/housing.urv.cat\/?page_id=4036"},"modified":"2025-10-08T12:41:11","modified_gmt":"2025-10-08T10:41:11","slug":"working-papers","status":"publish","type":"page","link":"https:\/\/housing.urv.cat\/en\/cover\/research\/working-papers\/","title":{"rendered":"Papers and Working Papers"},"content":{"rendered":"<section  class='av_textblock_section av-nszf3u-d96a32d1ed4c83ccac0dee2a27b81ca4 '   itemscope=\"itemscope\" itemtype=\"https:\/\/schema.org\/CreativeWork\" ><div class='avia_textblock'  itemprop=\"text\" ><h2><strong>Papers and Working Papers<\/strong><a href=\"http:\/\/housing.urv.cat\/wp-content\/uploads\/2014\/07\/Working-Paper-3-Sra.-Eva-vicente-Moracho.pdf\"><br \/>\n<\/a><\/h2>\n<p><span style=\"font-weight: 400;\">Full text of papers is available for download.<\/span><\/p>\n<p><span style=\"font-weight: 400;\">The preprint version of <\/span><i><span style=\"font-weight: 400;\">working papers<\/span><\/i><span style=\"font-weight: 400;\">, either already published or in process of publication, may be also downloaded.<\/span><\/p>\n<\/div><\/section>\n<div  class='hr av-lzniwa-cda1abac3ee14bb8b0e53e6911d8098e hr-default  avia-builder-el-1  el_after_av_textblock  el_before_av_textblock '><span class='hr-inner '><span class=\"hr-inner-style\"><\/span><\/span><\/div>\n<section  class='av_textblock_section av-kq1xoa-d750fbd46427308fcfd38d464e5a7ce8 '   itemscope=\"itemscope\" itemtype=\"https:\/\/schema.org\/CreativeWork\" ><div class='avia_textblock'  itemprop=\"text\" ><h2><strong>2025<\/strong><\/h2>\n<\/div><\/section>\n<section  class='av_textblock_section av-7x5gk-e6a1ffcff8169270f3b549556587aa9d '   itemscope=\"itemscope\" itemtype=\"https:\/\/schema.org\/CreativeWork\" ><div class='avia_textblock'  itemprop=\"text\" >\n<style id=\"kama-click-counter-shortcode\">.kcc_block{ position:relative; padding:1em 0 2em; transition:background-color 0.4s; cursor:pointer; }\r\n.kcc_block img{ float:left; width:auto; height:auto; margin:0; border:0px !important; box-shadow:none !important; } \/* personalitzacio *\/\r\n.kcc_block .kcc_info_wrap{ padding-left:1em; margin-left:80px; } \/* personalitzacio *\/\r\n.kcc_block a{ border-bottom:0; }\r\n.kcc_block a.kcc_link{ text-decoration:none; text-transform: uppercase; display:block; font-size:100%; line-height:1.2; } \/* personalitzacio *\/\r\n.kcc_block a.kcc_link:hover{ text-decoration:underline !important; } \/* personalitzacio *\/\r\n.kcc_block .kcc_desc{ color:#666; }\r\n.kcc_block .kcc_info{ font-size:80%; color:#aaa; }\r\n.kcc_block:hover a{ text-decoration:none !important; }\r\n.kcc_block .kcc-edit-link{ position:absolute; top:0; right:.2em; }\r\n.kcc_block:after{ content:&quot;&quot;; display:table; clear:both; }<\/style>\n<div class=\"kcc_block\" title=\"Download\">\r\n\t<img decoding=\"async\" class=\"alignleft\" src=\"http:\/\/housing.urv.cat\/wp-content\/uploads\/2018\/10\/icona-personalitzada.png\" alt=\"\" \/>\r\n\r\n\t<div class=\"kcc_info_wrap\">\r\n\t\t<h4><a class=\"kcc_link\" href=\"https:\/\/housing.urv.cat\/en\/?download=1&#038;kcccount=https:\/\/housing.urv.cat\/wp-content\/uploads\/2025\/04\/Maria-Paula-Humand-rights-and-housing-cooperatives-JPPEL-2025.pdf\" title=\"Maria-Paula-Humand-rights-and-housing-cooperatives-JPPEL-2025.pdf\" target=\"_blank\">PAPER 1\/2025<\/a><\/h4>\r\n\t\t<div class=\"kcc_desc\">M. Paula Rodr\u00edguez - The challenges of human rights in housing cooperatives which adopt a cohousing approach. The Spanish case - Journal of property, planning and enviromental law<\/div>\r\n\t\t<div class=\"kcc_info\">Downloaded 52 times<\/div>\r\n\t<\/div>\r\n\t\r\n<\/div>\n<\/div><\/section>\n<section  class='av_textblock_section av-m9wgywy7-519e78d29dd30fad081351a2968a7e98 '   itemscope=\"itemscope\" itemtype=\"https:\/\/schema.org\/CreativeWork\" ><div class='avia_textblock'  itemprop=\"text\" ><div class=\"kcc_block\" title=\"Download\">\r\n\t<img decoding=\"async\" class=\"alignleft\" src=\"http:\/\/housing.urv.cat\/wp-content\/uploads\/2018\/10\/icona-personalitzada.png\" alt=\"\" \/>\r\n\r\n\t<div class=\"kcc_info_wrap\">\r\n\t\t<h4><a class=\"kcc_link\" href=\"https:\/\/housing.urv.cat\/en\/?download=1&#038;kcccount=https:\/\/housing.urv.cat\/wp-content\/uploads\/2025\/04\/Gemma-Caballe-Housing-professionals-in-Europe-JPPEL-2025-1.pdf\" title=\"Gemma-Caballe-Housing-professionals-in-Europe-JPPEL-2025-1.pdf\" target=\"_blank\">PAPER 2\/2025<\/a><\/h4>\r\n\t\t<div class=\"kcc_desc\">Gemma Caball\u00e9 Fabra, Housing professionals in Europe, Journal of Property, Planning and Enviromental Law, 2025<\/div>\r\n\t\t<div class=\"kcc_info\">Downloaded 48 times<\/div>\r\n\t<\/div>\r\n\t\r\n<\/div>\n<\/div><\/section>\n<section  class='av_textblock_section av-m9wpi1ly-26ad99a0bfc59e2e2fc6c9f8a666c4fa '   itemscope=\"itemscope\" itemtype=\"https:\/\/schema.org\/CreativeWork\" ><div class='avia_textblock'  itemprop=\"text\" ><div class=\"kcc_block\" title=\"Download\">\r\n\t<img decoding=\"async\" class=\"alignleft\" src=\"http:\/\/housing.urv.cat\/wp-content\/uploads\/2018\/10\/icona-personalitzada.png\" alt=\"\" \/>\r\n\r\n\t<div class=\"kcc_info_wrap\">\r\n\t\t<h4><a class=\"kcc_link\" href=\"https:\/\/housing.urv.cat\/en\/?download=1&#038;kcccount=https:\/\/housing.urv.cat\/wp-content\/uploads\/2025\/04\/Hector-y-Kenna-_jppel-07-2024-0028-2.pdf\" title=\"Hector-y-Kenna-_jppel-07-2024-0028-2.pdf\" target=\"_blank\">PAPER 3\/2025<\/a><\/h4>\r\n\t\t<div class=\"kcc_desc\">H\u00e9ctor Sim\u00f3n-Moreno &amp; Padraic Kenna, Protecting homeloan borrowers in the emerging EU secondary market for non-performing loans, Journal of Property, Planning and Environmental Law.<\/div>\r\n\t\t<div class=\"kcc_info\">Downloaded 40 times<\/div>\r\n\t<\/div>\r\n\t\r\n<\/div>\n<\/div><\/section>\n<section  class='av_textblock_section av-mbqn2ts3-04a241ce6d4194d827af875282585b7e '   itemscope=\"itemscope\" itemtype=\"https:\/\/schema.org\/CreativeWork\" ><div class='avia_textblock'  itemprop=\"text\" ><p><a href=\"https:\/\/housing.urv.cat\/wp-content\/uploads\/2025\/06\/H.-simon-articulo-RICSH.pdf\"><div class=\"kcc_block\" title=\"Download\">\r\n\t<img decoding=\"async\" class=\"alignleft\" src=\"http:\/\/housing.urv.cat\/wp-content\/uploads\/2018\/10\/icona-personalitzada.png\" alt=\"\" \/>\r\n\r\n\t<div class=\"kcc_info_wrap\">\r\n\t\t<h4><a class=\"kcc_link\" href=\"https:\/\/housing.urv.cat\/en\/?download=1&#038;kcccount=https:\/\/housing.urv.cat\/wp-content\/uploads\/2025\/06\/H.-simon-articulo-RICSH.pdf\" title=\"H.-simon-articulo-RICSH.pdf\" target=\"_blank\">Paper 4\/2025<\/a><\/h4>\r\n\t\t<div class=\"kcc_desc\">Sim\u00f3n Moreno, H. (2025). Las pol\u00edticas de vivienda en Espa\u00f1a: de la propiedad a la precarizaci\u00f3n. RICSH Revista Iberoamericana De Las Ciencias Sociales Y Human\u00edsticas, 14(27), 30 - 51. https:\/\/doi.org\/10.23913\/ricsh.v14i27.356<\/div>\r\n\t\t<div class=\"kcc_info\">Downloaded 37 times<\/div>\r\n\t<\/div>\r\n\t\r\n<\/div><\/a><\/p>\n<\/div><\/section>\n<section  class='av_textblock_section av-mfh0rhk2-705b47564ff35173cc15efd77b01fdc6 '   itemscope=\"itemscope\" itemtype=\"https:\/\/schema.org\/CreativeWork\" ><div class='avia_textblock'  itemprop=\"text\" ><p><a href=\"https:\/\/housing.urv.cat\/wp-content\/uploads\/2025\/09\/Hector-Habitatge-i-estat-del-benestar-1.pdf\"><div class=\"kcc_block\" title=\"Download\">\r\n\t<img decoding=\"async\" class=\"alignleft\" src=\"http:\/\/housing.urv.cat\/wp-content\/uploads\/2018\/10\/icona-personalitzada.png\" alt=\"\" \/>\r\n\r\n\t<div class=\"kcc_info_wrap\">\r\n\t\t<h4><a class=\"kcc_link\" href=\"https:\/\/housing.urv.cat\/en\/?download=1&#038;kcccount=https:\/\/housing.urv.cat\/wp-content\/uploads\/2025\/09\/Hector-Habitatge-i-estat-del-benestar-1.pdf\" title=\"Hector-Habitatge-i-estat-del-benestar-1.pdf\" target=\"_blank\">Paper 5\/2025<\/a><\/h4>\r\n\t\t<div class=\"kcc_desc\">Sim\u00f3n, H. (2025). \"Habitatge i estat del benestar\", 4rt Congr\u00e9s d'Economia i Empresa de Catalunya.<\/div>\r\n\t\t<div class=\"kcc_info\">Downloaded 25 times<\/div>\r\n\t<\/div>\r\n\t\r\n<\/div><\/a><\/p>\n<\/div><\/section>\n<section  class='av_textblock_section av-mghuyv7u-f1425c1e9b1fee3711da4e254ab7bb0b '   itemscope=\"itemscope\" itemtype=\"https:\/\/schema.org\/CreativeWork\" ><div class='avia_textblock'  itemprop=\"text\" ><p><a href=\"https:\/\/housing.urv.cat\/wp-content\/uploads\/2025\/09\/Hector-Habitatge-i-estat-del-benestar-1.pdf\"><div class=\"kcc_block\" title=\"Download\">\r\n\t<img decoding=\"async\" class=\"alignleft\" src=\"http:\/\/housing.urv.cat\/wp-content\/uploads\/2018\/10\/icona-personalitzada.png\" alt=\"\" \/>\r\n\r\n\t<div class=\"kcc_info_wrap\">\r\n\t\t<h4><a class=\"kcc_link\" href=\"https:\/\/housing.urv.cat\/en\/?download=1&#038;kcccount=https:\/\/housing.urv.cat\/wp-content\/uploads\/2025\/10\/05_Simon-Moreno-poland.pdf\" title=\"05_Simon-Moreno-poland.pdf\" target=\"_blank\">PAPER 6\/2025<\/a><\/h4>\r\n\t\t<div class=\"kcc_desc\">Sim\u00f3n Moreno, H. (2025). Squatting in Spain: The tension between the right to private property and the right to housing, Legal Studies \/ Studia Prawnicze, N\u00ba 131, pp. 109-145.<\/div>\r\n\t\t<div class=\"kcc_info\">Downloaded 30 times<\/div>\r\n\t<\/div>\r\n\t\r\n<\/div><\/a><\/p>\n<\/div><\/section>\n<div  class='hr av-k2d3o4-e7d5520f75b8d729c61c8883b59a7c44 hr-default  avia-builder-el-9  el_after_av_textblock  el_before_av_textblock '><span class='hr-inner '><span class=\"hr-inner-style\"><\/span><\/span><\/div>\n<section  class='av_textblock_section av-1w6v10-362b24f1e1c040e10587ae86f9787e1f '   itemscope=\"itemscope\" itemtype=\"https:\/\/schema.org\/CreativeWork\" ><div class='avia_textblock'  itemprop=\"text\" ><h2><strong>2024<\/strong><\/h2>\n<\/div><\/section>\n<section  class='av_textblock_section av-lzoitje6-5489a6bb53fa97d5184933d0f8845cf3 '   itemscope=\"itemscope\" itemtype=\"https:\/\/schema.org\/CreativeWork\" ><div class='avia_textblock'  itemprop=\"text\" ><div class=\"kcc_block\" title=\"Download\">\r\n\t<img decoding=\"async\" class=\"alignleft\" src=\"http:\/\/housing.urv.cat\/wp-content\/uploads\/2018\/10\/icona-personalitzada.png\" alt=\"\" \/>\r\n\r\n\t<div class=\"kcc_info_wrap\">\r\n\t\t<h4><a class=\"kcc_link\" href=\"https:\/\/housing.urv.cat\/en\/?download=1&#038;kcccount=https:\/\/housing.urv.cat\/wp-content\/uploads\/2025\/02\/H.-Simon-property-rights.pdf\" title=\"H.-Simon-property-rights.pdf\" target=\"_blank\">PAPER 3\/2024<\/a><\/h4>\r\n\t\t<div class=\"kcc_desc\">H. Sim\u00f3n (2024). \"Rights \u00abin rem\u00bb in Europe: A comparative perspective\", en M. Font i Mas (dir.), Private International Law on Rights in rem in the European Union. Derecho internacional privado sobre derechos reales en la Uni\u00f3n Europea, Marcial Pons.<\/div>\r\n\t\t<div class=\"kcc_info\">Downloaded 55 times<\/div>\r\n\t<\/div>\r\n\t\r\n<\/div>\n<\/div><\/section>\n<section  class='av_textblock_section av-m6o76o3z-858def9cf61b35f9cf07cb3c754d4fe2 '   itemscope=\"itemscope\" itemtype=\"https:\/\/schema.org\/CreativeWork\" ><div class='avia_textblock'  itemprop=\"text\" ><div class=\"kcc_block\" title=\"Download\">\r\n\t<img decoding=\"async\" class=\"alignleft\" src=\"http:\/\/housing.urv.cat\/wp-content\/uploads\/2018\/10\/icona-personalitzada.png\" alt=\"\" \/>\r\n\r\n\t<div class=\"kcc_info_wrap\">\r\n\t\t<h4><a class=\"kcc_link\" href=\"https:\/\/housing.urv.cat\/en\/?download=1&#038;kcccount=https:\/\/housing.urv.cat\/wp-content\/uploads\/2025\/02\/H.Simon-RMGarcia-EPLJ.pdf\" title=\"H.Simon-RMGarcia-EPLJ.pdf\" target=\"_blank\">PAPER 2\/2024<\/a><\/h4>\r\n\t\t<div class=\"kcc_desc\">H. Sim\u00f3n Moreno, R.M. Garc\u00eda Teruel (2024), Obligations for Owners to Climate-Proof\nBuildings in Spain, European Property Law Journal, 13(1).<\/div>\r\n\t\t<div class=\"kcc_info\">Downloaded 72 times<\/div>\r\n\t<\/div>\r\n\t\r\n<\/div>\n<\/div><\/section>\n<section  class='av_textblock_section av-h8mz90-ec5b382757bb5ff919ee9287a6545048 '   itemscope=\"itemscope\" itemtype=\"https:\/\/schema.org\/CreativeWork\" ><div class='avia_textblock'  itemprop=\"text\" ><div class=\"kcc_block\" title=\"Download\">\r\n\t<img decoding=\"async\" class=\"alignleft\" src=\"http:\/\/housing.urv.cat\/wp-content\/uploads\/2018\/10\/icona-personalitzada.png\" alt=\"\" \/>\r\n\r\n\t<div class=\"kcc_info_wrap\">\r\n\t\t<h4><a class=\"kcc_link\" href=\"https:\/\/housing.urv.cat\/en\/?download=1&#038;kcccount=https:\/\/housing.urv.cat\/wp-content\/uploads\/2024\/08\/SNasarre-FuturCCC.pdf\" title=\"SNasarre-FuturCCC.pdf\" target=\"_blank\">Paper 1\/2024<\/a><\/h4>\r\n\t\t<div class=\"kcc_desc\">S. Nasarre Aznar, \u201cUn posible futuro para el C\u00f3digo Civil de Catalu\u00f1a. Atenci\u00f3n especial a los aspectos patrimoniales\u201d, en Veinte a\u00f1os del C\u00f3digo civil de Catalu\u00f1a, Departamento de Justicia, Generalitat de Catalu\u00f1a. <\/div>\r\n\t\t<div class=\"kcc_info\">Downloaded 283 times<\/div>\r\n\t<\/div>\r\n\t\r\n<\/div>\n<\/div><\/section>\n<section  class='av_textblock_section av-f5lxlg-0a6b3339d9aa4cdfc9db27dc4c9dffae '   itemscope=\"itemscope\" itemtype=\"https:\/\/schema.org\/CreativeWork\" ><div class='avia_textblock'  itemprop=\"text\" ><h2><strong>2023<\/strong><\/h2>\n<\/div><\/section>\n<section  class='av_textblock_section av-l10jm1uj-30e8521adefc9daf899149a5efe72496 '   itemscope=\"itemscope\" itemtype=\"https:\/\/schema.org\/CreativeWork\" ><div class='avia_textblock'  itemprop=\"text\" ><div class=\"kcc_block\" title=\"Download\">\r\n\t<img decoding=\"async\" class=\"alignleft\" src=\"http:\/\/housing.urv.cat\/wp-content\/uploads\/2018\/10\/icona-personalitzada.png\" alt=\"\" \/>\r\n\r\n\t<div class=\"kcc_info_wrap\">\r\n\t\t<h4><a class=\"kcc_link\" href=\"https:\/\/housing.urv.cat\/en\/?download=1&#038;kcccount=https:\/\/housing.urv.cat\/wp-content\/uploads\/2023\/02\/Fontetal-Socially-disruptive2023-1.pdf\" title=\"Fontetal-Socially-disruptive2023-1.pdf\" target=\"_blank\">PAPER 1\/2023<\/a><\/h4>\r\n\t\t<div class=\"kcc_desc\">L. Font-Pomarol et al. Socially disruptive periods and topics from information-theoretical analysis of judicial decisions, EPJ Data Science (2023) 12:2.<\/div>\r\n\t\t<div class=\"kcc_info\">Downloaded 295 times<\/div>\r\n\t<\/div>\r\n\t\r\n<\/div>\n<div class=\"kcc_block\" title=\"Download\">\r\n\t<img decoding=\"async\" class=\"alignleft\" src=\"http:\/\/housing.urv.cat\/wp-content\/uploads\/2018\/10\/icona-personalitzada.png\" alt=\"\" \/>\r\n\r\n\t<div class=\"kcc_info_wrap\">\r\n\t\t<h4><a class=\"kcc_link\" href=\"https:\/\/housing.urv.cat\/en\/?download=1&#038;kcccount=https:\/\/housing.urv.cat\/wp-content\/uploads\/2023\/04\/H.-Simon-Libro-Sexto-RCDI-2023.pdf\" title=\"H.-Simon-Libro-Sexto-RCDI-2023.pdf\" target=\"_blank\">Paper 2\/2023<\/a><\/h4>\r\n\t\t<div class=\"kcc_desc\">H. Sim\u00f3n, La regulaci\u00f3n del contrato de la compraventa en libro sexto del C\u00f3digo Civil de Catalu\u00f1a. An\u00e1lisis de las especialidades con trascendencia inmobiliaria, \"RCDI\", n\u00fam. 795.<\/div>\r\n\t\t<div class=\"kcc_info\">Downloaded 624 times<\/div>\r\n\t<\/div>\r\n\t\r\n<\/div>\n<div class=\"kcc_block\" title=\"Download\">\r\n\t<img decoding=\"async\" class=\"alignleft\" src=\"http:\/\/housing.urv.cat\/wp-content\/uploads\/2018\/10\/icona-personalitzada.png\" alt=\"\" \/>\r\n\r\n\t<div class=\"kcc_info_wrap\">\r\n\t\t<h4><a class=\"kcc_link\" href=\"https:\/\/housing.urv.cat\/en\/?download=1&#038;kcccount=https:\/\/housing.urv.cat\/wp-content\/uploads\/2023\/10\/40173dpyc4204simon-moreno.pdf\" title=\"40173dpyc4204simon-moreno.pdf\" target=\"_blank\">PAPER 3\/2023<\/a><\/h4>\r\n\t\t<div class=\"kcc_desc\">H. Sim\u00f3n (2023), La evoluci\u00f3n constitucional de la funci\u00f3n social de la propiedad y el nuevo r\u00e9gimen del derecho de propiedad sobre una vivienda en la Ley por el derecho a la vivienda, Derecho privado y Constituci\u00f3n, 42.<\/div>\r\n\t\t<div class=\"kcc_info\">Downloaded 286 times<\/div>\r\n\t<\/div>\r\n\t\r\n<\/div>\n<div class=\"kcc_block\" title=\"Download\">\r\n\t<img decoding=\"async\" class=\"alignleft\" src=\"http:\/\/housing.urv.cat\/wp-content\/uploads\/2018\/10\/icona-personalitzada.png\" alt=\"\" \/>\r\n\r\n\t<div class=\"kcc_info_wrap\">\r\n\t\t<h4><a class=\"kcc_link\" href=\"https:\/\/housing.urv.cat\/en\/?download=1&#038;kcccount=https:\/\/housing.urv.cat\/wp-content\/uploads\/2023\/10\/10-1108_JPPEL-02-2023-0008.pdf\" title=\"10-1108_JPPEL-02-2023-0008.pdf\" target=\"_blank\">PAPER 4\/2023<\/a><\/h4>\r\n\t\t<div class=\"kcc_desc\">H. Sim\u00f3n (2023), Condominiums facing\ndelinquency: stringent remedies\nfrom a comparative perspective, Journal of Property, Planning and Environmental Law, DOI 10.1108\/JPPEL-02-2023-0008<\/div>\r\n\t\t<div class=\"kcc_info\">Downloaded 201 times<\/div>\r\n\t<\/div>\r\n\t\r\n<\/div>\n<div class=\"kcc_block\" title=\"Download\">\r\n\t<img decoding=\"async\" class=\"alignleft\" src=\"http:\/\/housing.urv.cat\/wp-content\/uploads\/2018\/10\/icona-personalitzada.png\" alt=\"\" \/>\r\n\r\n\t<div class=\"kcc_info_wrap\">\r\n\t\t<h4><a class=\"kcc_link\" href=\"https:\/\/housing.urv.cat\/en\/?download=1&#038;kcccount=https:\/\/housing.urv.cat\/wp-content\/uploads\/2024\/01\/SNasarre-EuropeanHousingStudies2023.pdf\" title=\"SNasarre-EuropeanHousingStudies2023.pdf\" target=\"_blank\">Paper 5\/2023<\/a><\/h4>\r\n\t\t<div class=\"kcc_desc\">S. Nasarre, El European Housing Studies: la primera formaci\u00f3n europea para profesionales inmobiliarios, en C. Soria, \u201cInnovaci\u00f3n docente y renovaci\u00f3n pedag\u00f3gica del Derecho\u201d, 2023, Ed. Dykinson.<\/div>\r\n\t\t<div class=\"kcc_info\">Downloaded 148 times<\/div>\r\n\t<\/div>\r\n\t\r\n<\/div>\n<\/div><\/section>\n<section  class='av_textblock_section av-1gq0qc-10921fcfaf8cd597b05db8b799c62c87 '   itemscope=\"itemscope\" itemtype=\"https:\/\/schema.org\/CreativeWork\" ><div class='avia_textblock'  itemprop=\"text\" ><h2><strong>2022<\/strong><\/h2>\n<\/div><\/section>\n<section  class='av_textblock_section av-ldsk8tny-83d79134f8c5d9eba4205a3bfe29bb16 '   itemscope=\"itemscope\" itemtype=\"https:\/\/schema.org\/CreativeWork\" ><div class='avia_textblock'  itemprop=\"text\" ><div class=\"kcc_block\" title=\"Download\">\r\n\t<img decoding=\"async\" class=\"alignleft\" src=\"http:\/\/housing.urv.cat\/wp-content\/uploads\/2018\/10\/icona-personalitzada.png\" alt=\"\" \/>\r\n\r\n\t<div class=\"kcc_info_wrap\">\r\n\t\t<h4><a class=\"kcc_link\" href=\"https:\/\/housing.urv.cat\/en\/?download=1&#038;kcccount=http:\/\/housing.urv.cat\/wp-content\/uploads\/2022\/03\/RCDI-arrastrado.pdf\" title=\"RCDI.pdf\" target=\"_blank\">Paper 1\/2022<\/a><\/h4>\r\n\t\t<div class=\"kcc_desc\">R.M. Garcia Teruel &amp; S. Nasarre Aznar. Quince a\u00f1os sin soluci\u00f3n para la vivienda. La innovaci\u00f3n legal y la ciencia de datos en pol\u00edtica de vivienda. Revista Cr\u00edtica de Derecho Inmobiliario, n\u00fam. 789 (2022), pp. 183-224.<\/div>\r\n\t\t<div class=\"kcc_info\">Downloaded 1936 times<\/div>\r\n\t<\/div>\r\n\t\r\n<\/div>\n<div class=\"kcc_block\" title=\"Download\">\r\n\t<img decoding=\"async\" class=\"alignleft\" src=\"http:\/\/housing.urv.cat\/wp-content\/uploads\/2018\/10\/icona-personalitzada.png\" alt=\"\" \/>\r\n\r\n\t<div class=\"kcc_info_wrap\">\r\n\t\t<h4><a class=\"kcc_link\" href=\"https:\/\/housing.urv.cat\/en\/?download=1&#038;kcccount=https:\/\/novumjus.ucatolica.edu.co\/article\/view\/4091\/4103\" title=\"Paper 2\/2022\" target=\"_blank\">Paper 2\/2022<\/a><\/h4>\r\n\t\t<div class=\"kcc_desc\">M. Rodr\u00edguez Padilla. El fideicomiso inmobiliario en la legislaci\u00f3n dominicana: su aporte al desarrollo de la vivienda. Novum Jus, Vol. 16, n\u00fam. 1 (2022), pp. 115-156.<\/div>\r\n\t\t<div class=\"kcc_info\">Downloaded 231 times<\/div>\r\n\t<\/div>\r\n\t\r\n<\/div>\n<div class=\"kcc_block\" title=\"Download\">\r\n\t<img decoding=\"async\" class=\"alignleft\" src=\"http:\/\/housing.urv.cat\/wp-content\/uploads\/2018\/10\/icona-personalitzada.png\" alt=\"\" \/>\r\n\r\n\t<div class=\"kcc_info_wrap\">\r\n\t\t<h4><a class=\"kcc_link\" href=\"https:\/\/housing.urv.cat\/en\/?download=1&#038;kcccount=http:\/\/housing.urv.cat\/wp-content\/uploads\/2022\/04\/SNasarre-ProyeLeyViviFEDEA-2022.pdf\" title=\"SNasarre-ProyeLeyViviFEDEA-2022.pdf\" target=\"_blank\">Paper 3\/2022<\/a><\/h4>\r\n\t\t<div class=\"kcc_desc\">S. Nasarre Aznar. El Proyecto de Ley de vivienda 2022. Fedea, Apuntes 2022\/11, Abril (2022), 1-25.<\/div>\r\n\t\t<div class=\"kcc_info\">Downloaded 1094 times<\/div>\r\n\t<\/div>\r\n\t\r\n<\/div>\n<div class=\"kcc_block\" title=\"Download\">\r\n\t<img decoding=\"async\" class=\"alignleft\" src=\"http:\/\/housing.urv.cat\/wp-content\/uploads\/2018\/10\/icona-personalitzada.png\" alt=\"\" \/>\r\n\r\n\t<div class=\"kcc_info_wrap\">\r\n\t\t<h4><a class=\"kcc_link\" href=\"https:\/\/housing.urv.cat\/en\/?download=1&#038;kcccount=https:\/\/amedip.org\/wp-content\/uploads\/2022\/05\/rmdipc-47.pdf\" title=\"Paper 4\/2022\" target=\"_blank\">Paper 4\/2022<\/a><\/h4>\r\n\t\t<div class=\"kcc_desc\">S. Canales Guti\u00e9rrez. Perspectivas comparadas de competencia judicial internacional en la UE y M\u00e9xico en las controversias entre el hu\u00e9sped-consumidor y la plataforma digital de alojamiento tur\u00edstico. Revista mexicana de Derecho Internacional, Privado y Comparado No. 47 (2022), 61-76.<\/div>\r\n\t\t<div class=\"kcc_info\">Downloaded 463 times<\/div>\r\n\t<\/div>\r\n\t\r\n<\/div>\n<div class=\"kcc_block\" title=\"Download\">\r\n\t<img decoding=\"async\" class=\"alignleft\" src=\"http:\/\/housing.urv.cat\/wp-content\/uploads\/2018\/10\/icona-personalitzada.png\" alt=\"\" \/>\r\n\r\n\t<div class=\"kcc_info_wrap\">\r\n\t\t<h4><a class=\"kcc_link\" href=\"https:\/\/housing.urv.cat\/en\/?download=1&#038;kcccount=https:\/\/www.revistavivienda.cuaad.udg.mx\/index.php\/rv\/article\/download\/211\/492\/3012\" title=\"Paper 5\/2022\" target=\"_blank\">Paper 5\/2022<\/a><\/h4>\r\n\t\t<div class=\"kcc_desc\">L.I. Jim\u00e9nez Pineda y M. Rodr\u00edguez Padilla. El derecho a la vivienda. Estudio sobre su reconocimiento e interpretaci\u00f3n. Vivienda y comunidades sustentables, n\u00fam. 12 (2022), 117-146.<\/div>\r\n\t\t<div class=\"kcc_info\">Downloaded 246 times<\/div>\r\n\t<\/div>\r\n\t\r\n<\/div>\n<div class=\"kcc_block\" title=\"Download\">\r\n\t<img decoding=\"async\" class=\"alignleft\" src=\"http:\/\/housing.urv.cat\/wp-content\/uploads\/2018\/10\/icona-personalitzada.png\" alt=\"\" \/>\r\n\r\n\t<div class=\"kcc_info_wrap\">\r\n\t\t<h4><a class=\"kcc_link\" href=\"https:\/\/housing.urv.cat\/en\/?download=1&#038;kcccount=https:\/\/housing.urv.cat\/wp-content\/uploads\/2022\/09\/NasarreSimon-TenuresInnovationDiversification2022.pdf\" title=\"NasarreSimon-TenuresInnovationDiversification2022.pdf\" target=\"_blank\">PAPER 6\/2022<\/a><\/h4>\r\n\t\t<div class=\"kcc_desc\">S. Nasarre-Aznar and H. Sim\u00f3n Moreno, Spain, at C. Schmid, \"Ways out of the European Housing Crisis\", Elgar, 2022.<\/div>\r\n\t\t<div class=\"kcc_info\">Downloaded 495 times<\/div>\r\n\t<\/div>\r\n\t\r\n<\/div>\n<div class=\"kcc_block\" title=\"Download\">\r\n\t<img decoding=\"async\" class=\"alignleft\" src=\"http:\/\/housing.urv.cat\/wp-content\/uploads\/2018\/10\/icona-personalitzada.png\" alt=\"\" \/>\r\n\r\n\t<div class=\"kcc_info_wrap\">\r\n\t\t<h4><a class=\"kcc_link\" href=\"https:\/\/housing.urv.cat\/en\/?download=1&#038;kcccount=https:\/\/housing.urv.cat\/wp-content\/uploads\/2022\/09\/Contribucion_III_Congreso_Discapacidad_Granada_Noviembre_2021.pdf\" title=\"Contribucion_III_Congreso_Discapacidad_Granada_Noviembre_2021.pdf\" target=\"_blank\">PAPER 7\/2022<\/a><\/h4>\r\n\t\t<div class=\"kcc_desc\">A. Labella Iglesias. La propiedad horizontal como instrumento para los apoyos del ejercicio de la capacidad. Anales de Derecho y discapacidad, n\u00fam. especial, a\u00f1o VII, 2022.<\/div>\r\n\t\t<div class=\"kcc_info\">Downloaded 312 times<\/div>\r\n\t<\/div>\r\n\t\r\n<\/div>\n<div class=\"kcc_block\" title=\"Download\">\r\n\t<img decoding=\"async\" class=\"alignleft\" src=\"http:\/\/housing.urv.cat\/wp-content\/uploads\/2018\/10\/icona-personalitzada.png\" alt=\"\" \/>\r\n\r\n\t<div class=\"kcc_info_wrap\">\r\n\t\t<h4><a class=\"kcc_link\" href=\"https:\/\/housing.urv.cat\/en\/?download=1&#038;kcccount=https:\/\/housing.urv.cat\/wp-content\/uploads\/2023\/02\/Hector-Libro-Sexto-Revista-Derecho-Civil-2022.pdf\" title=\"Hector-Libro-Sexto-Revista-Derecho-Civil-2022.pdf\" target=\"_blank\">PAPER 8\/2022<\/a><\/h4>\r\n\t\t<div class=\"kcc_desc\">H. Sim\u00f3n Moreno, La regulaci\u00f3n del contrato de compraventa en el Libro sexto del C\u00f3digo civil de Catalu\u00f1a y su incidencia en la contrataci\u00f3n inmobiliaria, RDC, IX, 2.<\/div>\r\n\t\t<div class=\"kcc_info\">Downloaded 487 times<\/div>\r\n\t<\/div>\r\n\t\r\n<\/div>\n<\/div><\/section>\n<div  class='hr av-cxak38-87e97481ae30209323976de30a884ebd hr-default  avia-builder-el-18  el_after_av_textblock  el_before_av_textblock '><span class='hr-inner '><span class=\"hr-inner-style\"><\/span><\/span><\/div>\n<section  class='av_textblock_section av-as44xw-0d4cf87068fa746372e58493a31e5a6b '   itemscope=\"itemscope\" itemtype=\"https:\/\/schema.org\/CreativeWork\" ><div class='avia_textblock'  itemprop=\"text\" ><h2><strong>2021<\/strong><\/h2>\n<\/div><\/section>\n<section  class='av_textblock_section av-id2y7u-f299888ca52c7d795bf6bbed57867b00 '   itemscope=\"itemscope\" itemtype=\"https:\/\/schema.org\/CreativeWork\" ><div class='avia_textblock'  itemprop=\"text\" ><div class=\"kcc_block\" title=\"Download\">\r\n\t<img decoding=\"async\" class=\"alignleft\" src=\"http:\/\/housing.urv.cat\/wp-content\/uploads\/2018\/10\/icona-personalitzada.png\" alt=\"\" \/>\r\n\r\n\t<div class=\"kcc_info_wrap\">\r\n\t\t<h4><a class=\"kcc_link\" href=\"https:\/\/housing.urv.cat\/en\/?download=1&#038;kcccount=http:\/\/housing.urv.cat\/wp-content\/uploads\/2021\/05\/2021-RCDI-784-marzo-abril-RODRIGUEZ-PADILLA-estudio-3.pdf\" title=\"Paper 1\/2021\" target=\"_blank\">Paper 1\/2021<\/a><\/h4>\r\n\t\t<div class=\"kcc_desc\">M. Rodr\u00edguez-Padilla. Instrumentos jur\u00eddico-financieros de fomento al ahorro para el acceso a la vivienda en propiedad. Revista Critica de Derecho Inmobiliario, n\u00fam. 784 2021, pp. 815-864.<\/div>\r\n\t\t<div class=\"kcc_info\">Downloaded 539 times<\/div>\r\n\t<\/div>\r\n\t\r\n<\/div>\n<div class=\"kcc_block\" title=\"Download\">\r\n\t<img decoding=\"async\" class=\"alignleft\" src=\"http:\/\/housing.urv.cat\/wp-content\/uploads\/2018\/10\/icona-personalitzada.png\" alt=\"\" \/>\r\n\r\n\t<div class=\"kcc_info_wrap\">\r\n\t\t<h4><a class=\"kcc_link\" href=\"https:\/\/housing.urv.cat\/en\/?download=1&#038;kcccount=https:\/\/issuu.com\/coaatt\/docs\/tag_91_web\" title=\"Paper 2\/2021\" target=\"_blank\">Paper 2\/2021<\/a><\/h4>\r\n\t\t<div class=\"kcc_desc\">E. Rivas Nieto. Congr\u00e9s nacional sobre habitatge col.laboratiu i territori. Revista del Col\u00b7legi d'Aparelladors, Arquitectes T\u00e8cnics i Enginyers d'Edificaci\u00f3 de Tarragona (COAATT), n\u00fam. 91, 2021, pp. 25-26.<\/div>\r\n\t\t<div class=\"kcc_info\">Downloaded 304 times<\/div>\r\n\t<\/div>\r\n\t\r\n<\/div>\n<div class=\"kcc_block\" title=\"Download\">\r\n\t<img decoding=\"async\" class=\"alignleft\" src=\"http:\/\/housing.urv.cat\/wp-content\/uploads\/2018\/10\/icona-personalitzada.png\" alt=\"\" \/>\r\n\r\n\t<div class=\"kcc_info_wrap\">\r\n\t\t<h4><a class=\"kcc_link\" href=\"https:\/\/housing.urv.cat\/en\/?download=1&#038;kcccount=http:\/\/housing.urv.cat\/wp-content\/uploads\/2022\/01\/M.-Rodriguez-2021.Ley-de-alquileres-y-desahucios.-Revista-Saber-y-Justicia-3.pdf\" title=\"M.-Rodriguez-2021.Ley-de-alquileres-y-desahucios.-Revista-Saber-y-Justicia-3.pdf\" target=\"_blank\">PAPER 3\/2021<\/a><\/h4>\r\n\t\t<div class=\"kcc_desc\">M. Rodr\u00edguez-Padilla y D. H\u00e4rtling. Ley de alquileres y desahucios: propuestas legales para un parque de vivienda en equilibrio. Revista Saber Y Justicia, n\u00fam. 19, 2021, pp. 53-82.<\/div>\r\n\t\t<div class=\"kcc_info\">Downloaded 358 times<\/div>\r\n\t<\/div>\r\n\t\r\n<\/div>\n<div class=\"kcc_block\" title=\"Download\">\r\n\t<img decoding=\"async\" class=\"alignleft\" src=\"http:\/\/housing.urv.cat\/wp-content\/uploads\/2018\/10\/icona-personalitzada.png\" alt=\"\" \/>\r\n\r\n\t<div class=\"kcc_info_wrap\">\r\n\t\t<h4><a class=\"kcc_link\" href=\"https:\/\/housing.urv.cat\/en\/?download=1&#038;kcccount=http:\/\/housing.urv.cat\/wp-content\/uploads\/2022\/01\/Chapter-5-2b221359cc26b7a89b44544e9286be2e.pdf\" title=\"Chapter-5-2b221359cc26b7a89b44544e9286be2e.pdf\" target=\"_blank\">PAPER 4\/2021<\/a><\/h4>\r\n\t\t<div class=\"kcc_desc\">S. Canales Guti\u00e9rrez. Collaborative economy in the tourism industry: the new deal for consumers in the European Union\u201d. En Decrop, A., Correia, A., Fyall, A. &amp; Kozak, M. (ed). Oxford: Goodfellow Publishers, 2021. http:\/\/dx.doi.org\/10.23912\/9781911635765-4851<\/div>\r\n\t\t<div class=\"kcc_info\">Downloaded 320 times<\/div>\r\n\t<\/div>\r\n\t\r\n<\/div>\n<div class=\"kcc_block\" title=\"Download\">\r\n\t<img decoding=\"async\" class=\"alignleft\" src=\"http:\/\/housing.urv.cat\/wp-content\/uploads\/2018\/10\/icona-personalitzada.png\" alt=\"\" \/>\r\n\r\n\t<div class=\"kcc_info_wrap\">\r\n\t\t<h4><a class=\"kcc_link\" href=\"https:\/\/housing.urv.cat\/en\/?download=1&#038;kcccount=http:\/\/housing.urv.cat\/wp-content\/uploads\/2021\/05\/WP-1-2021-Digital-tokenization-property-rights.pdf\" title=\"Working Paper 1\/2021\" target=\"_blank\">Working Paper 1\/2021<\/a><\/h4>\r\n\t\t<div class=\"kcc_desc\">R.M. Garcia-Teruel &amp; H. Sim\u00f3n-Moreno. The digital tokenization of property rights. A comparative perspective. Computer Law and Security Review, Vol. 41, July 2021, https:\/\/doi.org\/10.1016\/j.clsr.2021.105543<\/div>\r\n\t\t<div class=\"kcc_info\">Downloaded 1950 times<\/div>\r\n\t<\/div>\r\n\t\r\n<\/div>\n<div class=\"kcc_block\" title=\"Download\">\r\n\t<img decoding=\"async\" class=\"alignleft\" src=\"http:\/\/housing.urv.cat\/wp-content\/uploads\/2018\/10\/icona-personalitzada.png\" alt=\"\" \/>\r\n\r\n\t<div class=\"kcc_info_wrap\">\r\n\t\t<h4><a class=\"kcc_link\" href=\"https:\/\/housing.urv.cat\/en\/?download=1&#038;kcccount=http:\/\/housing.urv.cat\/wp-content\/uploads\/2022\/01\/19.-SIMO\u0301N-MORENO-29-3-2021.pdf\" title=\"19.-SIMO\u0301N-MORENO-29-3-2021.pdf\" target=\"_blank\">WORKING PAPER 2\/2021<\/a><\/h4>\r\n\t\t<div class=\"kcc_desc\">H. Sim\u00f3n Moreno. La ocupaci\u00f3n de viviendas sin t\u00edtulo habilitante y los derechos fundamentales y humanos en conflicto. Revista Critica de Derecho Inmobiliario, n\u00fam. 786 2021, pp. 2165 - 2212.<\/div>\r\n\t\t<div class=\"kcc_info\">Downloaded 1205 times<\/div>\r\n\t<\/div>\r\n\t\r\n<\/div>\n<\/div><\/section>\n<div  class='hr av-uizas-bcc1f8a355c0880d21e572cff63d9c55 hr-default  avia-builder-el-21  el_after_av_textblock  el_before_av_textblock '><span class='hr-inner '><span class=\"hr-inner-style\"><\/span><\/span><\/div>\n<section  class='av_textblock_section av-7g1084-378e66570727237ca3a8cac5f0d9e83a '   itemscope=\"itemscope\" itemtype=\"https:\/\/schema.org\/CreativeWork\" ><div class='avia_textblock'  itemprop=\"text\" ><h2><strong>2020<\/strong><\/h2>\n<\/div><\/section>\n<section  class='av_textblock_section av-677x8k-bb44ecbe46523461199c4eb22530fa03 '   itemscope=\"itemscope\" itemtype=\"https:\/\/schema.org\/CreativeWork\" ><div class='avia_textblock'  itemprop=\"text\" ><div class=\"kcc_block\" title=\"Download\">\r\n\t<img decoding=\"async\" class=\"alignleft\" src=\"http:\/\/housing.urv.cat\/wp-content\/uploads\/2018\/10\/icona-personalitzada.png\" alt=\"\" \/>\r\n\r\n\t<div class=\"kcc_info_wrap\">\r\n\t\t<h4><a class=\"kcc_link\" href=\"https:\/\/housing.urv.cat\/en\/?download=1&#038;kcccount=https:\/\/www.emerald.com\/insight\/content\/doi\/10.1108\/JPPEL-07-2019-0039\/full\/html\" title=\"Paper 1\/2020\" target=\"_blank\">Paper 1\/2020<\/a><\/h4>\r\n\t\t<div class=\"kcc_desc\">R.M. Garcia-Teruel. \u201cLegal challenges and opportunities of blockchain technology in the real estate sector\u201d. Journal of Property, Planning and Environmental Law. Special Issue: Blockchain and PropTech opportunities and challenges for land registration and land uses. 2020. DOI: 10.1108\/JPPEL-07-2019-0039<\/div>\r\n\t\t<div class=\"kcc_info\">Downloaded 1350 times<\/div>\r\n\t<\/div>\r\n\t\r\n<\/div>\n<div class=\"kcc_block\" title=\"Download\">\r\n\t<img decoding=\"async\" class=\"alignleft\" src=\"http:\/\/housing.urv.cat\/wp-content\/uploads\/2018\/10\/icona-personalitzada.png\" alt=\"\" \/>\r\n\r\n\t<div class=\"kcc_info_wrap\">\r\n\t\t<h4><a class=\"kcc_link\" href=\"https:\/\/housing.urv.cat\/en\/?download=1&#038;kcccount=http:\/\/housing.urv.cat\/wp-content\/uploads\/2020\/04\/SNasarreHSimon-CrisisComunidPropiet-2020.pdf\" title=\"Paper 2\/2020\" target=\"_blank\">Paper 2\/2020<\/a><\/h4>\r\n\t\t<div class=\"kcc_desc\">S. Nasarre Aznar &amp; H. Sim\u00f3n Moreno. Los efectos de diez a\u00f1os de crisis en las comunidades de propietarios. RCDI, No. 778 (2020) pp. 1065-1100.<\/div>\r\n\t\t<div class=\"kcc_info\">Downloaded 927 times<\/div>\r\n\t<\/div>\r\n\t\r\n<\/div>\n<div class=\"kcc_block\" title=\"Download\">\r\n\t<img decoding=\"async\" class=\"alignleft\" src=\"http:\/\/housing.urv.cat\/wp-content\/uploads\/2018\/10\/icona-personalitzada.png\" alt=\"\" \/>\r\n\r\n\t<div class=\"kcc_info_wrap\">\r\n\t\t<h4><a class=\"kcc_link\" href=\"https:\/\/housing.urv.cat\/en\/?download=1&#038;kcccount=https:\/\/revistas.ucm.es\/index.php\/REVE\/article\/view\/69165\/4564456553406\" title=\"Paper 3\/2020\" target=\"_blank\">Paper 3\/2020<\/a><\/h4>\r\n\t\t<div class=\"kcc_desc\">H. Sim\u00f3n Moreno. \"Las cooperativas de viviendas en r\u00e9gimen de cesi\u00f3n de uso: \u00bfuna alternativa real a la vivienda en propiedad y en alquiler en Espa\u00f1a?\". REVESCO. Revista de Estudios Cooperativos, n\u00fam. 134 (2020), pp. 1-17.<\/div>\r\n\t\t<div class=\"kcc_info\">Downloaded 579 times<\/div>\r\n\t<\/div>\r\n\t\r\n<\/div>\n<div class=\"kcc_block\" title=\"Download\">\r\n\t<img decoding=\"async\" class=\"alignleft\" src=\"http:\/\/housing.urv.cat\/wp-content\/uploads\/2018\/10\/icona-personalitzada.png\" alt=\"\" \/>\r\n\r\n\t<div class=\"kcc_info_wrap\">\r\n\t\t<h4><a class=\"kcc_link\" href=\"https:\/\/housing.urv.cat\/en\/?download=1&#038;kcccount=http:\/\/housing.urv.cat\/snasarre-lluevedpyc2020\/\" title=\"housing.urv.cat\/snasarre-lluevedpyc2020\" target=\"_blank\">Paper 4\/2020<\/a><\/h4>\r\n\t\t<div class=\"kcc_desc\">S. Nasarre Aznar. \"Llueve sobre mojado: el problema del acceso a la vivienda en un contexto de pandemia\". Revisa Derecho Privado y Constituci\u00f3n, Centro de Estudios Pol\u00edticos y Constitucionales, n\u00fam. 37 (2020), pp. 273-308.<\/div>\r\n\t\t<div class=\"kcc_info\">Downloaded 786 times<\/div>\r\n\t<\/div>\r\n\t\r\n<\/div>\n<div class=\"kcc_block\" title=\"Download\">\r\n\t<img decoding=\"async\" class=\"alignleft\" src=\"http:\/\/housing.urv.cat\/wp-content\/uploads\/2018\/10\/icona-personalitzada.png\" alt=\"\" \/>\r\n\r\n\t<div class=\"kcc_info_wrap\">\r\n\t\t<h4><a class=\"kcc_link\" href=\"https:\/\/housing.urv.cat\/en\/?download=1&#038;kcccount=http:\/\/housing.urv.cat\/wp-content\/uploads\/2020\/03\/WP12020-NasarreySimon-accessibilitat.pdf\" title=\"Working Paper 1\/2020\" target=\"_blank\">Working Paper 1\/2020<\/a><\/h4>\r\n\t\t<div class=\"kcc_desc\">S. Nasarre-Aznar &amp; H. Sim\u00f3n Moreno. \"Housing not for all: the lack of universal accessibility to housing in multi-unit buildings in Spain, Sweden and Germany\u201d. Journal of Property, Planning and Environmental Law. Vol. 12, Iss. 1 (2020), pp. 35-54. https:\/\/doi.org\/10.1108\/JPPEL-05-2019-0028<\/div>\r\n\t\t<div class=\"kcc_info\">Downloaded 749 times<\/div>\r\n\t<\/div>\r\n\t\r\n<\/div>\n<\/div><\/section>\n<div  class='hr av-4n6thw-b4544066977b45b68e6fd1dd113af843 hr-default  avia-builder-el-24  el_after_av_textblock  el_before_av_textblock '><span class='hr-inner '><span class=\"hr-inner-style\"><\/span><\/span><\/div>\n<section  class='av_textblock_section av-kq1xoa-22-1b8e971ba5b0b70f3dd8f6b3bd41c9e6 '   itemscope=\"itemscope\" itemtype=\"https:\/\/schema.org\/CreativeWork\" ><div class='avia_textblock'  itemprop=\"text\" ><h2><strong>2019<\/strong><\/h2>\n<\/div><\/section>\n<section  class='av_textblock_section av-id2y7u-21-1ad80543341fbcb49209fbcfb4579f1f '   itemscope=\"itemscope\" itemtype=\"https:\/\/schema.org\/CreativeWork\" ><div class='avia_textblock'  itemprop=\"text\" ><div class=\"kcc_block\" title=\"Download\">\r\n\t<img decoding=\"async\" class=\"alignleft\" src=\"http:\/\/housing.urv.cat\/wp-content\/uploads\/2018\/10\/icona-personalitzada.png\" alt=\"\" \/>\r\n\r\n\t<div class=\"kcc_info_wrap\">\r\n\t\t<h4><a class=\"kcc_link\" href=\"https:\/\/housing.urv.cat\/en\/?download=1&#038;kcccount=https:\/\/www.icatarragona.com\/cms\/hemeroteca\/ficheros\/hemeroteca-ca-icat-35.pdf\" title=\"Paper 1\/2019\" target=\"_blank\">Paper 1\/2019<\/a><\/h4>\r\n\t\t<div class=\"kcc_desc\">E. Rivas Nieto. Les conseq\u00fc\u00e8ncies fiscals del micromecenatge. F\u00f2rum Jur\u00eddic, ICAT, juliol 2019, p. 38.<\/div>\r\n\t\t<div class=\"kcc_info\">Downloaded 1169 times<\/div>\r\n\t<\/div>\r\n\t\r\n<\/div>\n<div class=\"kcc_block\" title=\"Download\">\r\n\t<img decoding=\"async\" class=\"alignleft\" src=\"http:\/\/housing.urv.cat\/wp-content\/uploads\/2018\/10\/icona-personalitzada.png\" alt=\"\" \/>\r\n\r\n\t<div class=\"kcc_info_wrap\">\r\n\t\t<h4><a class=\"kcc_link\" href=\"https:\/\/housing.urv.cat\/en\/?download=1&#038;kcccount=http:\/\/housing.urv.cat\/wp-content\/uploads\/2019\/04\/WP12019_GTeruel_realestatecrowdfunding.pdf\" title=\"Working Paper 1\/2019\" target=\"_blank\">Working Paper 1\/2019<\/a><\/h4>\r\n\t\t<div class=\"kcc_desc\">R.M. Garcia-Teruel. \"A legal approach to real estate crowdfunding platforms\". Computer Law and Security Review, Vol. 35, Iss. 3, 281-294, DOI: https:\/\/doi.org\/10.1016\/j.clsr.2019.02.003<\/div>\r\n\t\t<div class=\"kcc_info\">Downloaded 1003 times<\/div>\r\n\t<\/div>\r\n\t\r\n<\/div>\n<div class=\"kcc_block\" title=\"Download\">\r\n\t<img decoding=\"async\" class=\"alignleft\" src=\"http:\/\/housing.urv.cat\/wp-content\/uploads\/2018\/10\/icona-personalitzada.png\" alt=\"\" \/>\r\n\r\n\t<div class=\"kcc_info_wrap\">\r\n\t\t<h4><a class=\"kcc_link\" href=\"https:\/\/housing.urv.cat\/en\/?download=1&#038;kcccount=http:\/\/housing.urv.cat\/wp-content\/uploads\/2019\/08\/WP22019_housing-in-a-mobile-world-GCaballe.pdf\" title=\"Working Paper 2\/2019\" target=\"_blank\">Working Paper 2\/2019<\/a><\/h4>\r\n\t\t<div class=\"kcc_desc\">Glumac, B. &amp; Caball\u00e9-Fabra, G. \u2018Housing in a Mobile World: A Definition of Flexible Housing and the Classification of Solutions\u2019. Working Paper 2\/2019. UNESCO Housing Chair. Universitat Rovira i Virgili.<\/div>\r\n\t\t<div class=\"kcc_info\">Downloaded 631 times<\/div>\r\n\t<\/div>\r\n\t\r\n<\/div>\n<div class=\"kcc_block\" title=\"Download\">\r\n\t<img decoding=\"async\" class=\"alignleft\" src=\"http:\/\/housing.urv.cat\/wp-content\/uploads\/2018\/10\/icona-personalitzada.png\" alt=\"\" \/>\r\n\r\n\t<div class=\"kcc_info_wrap\">\r\n\t\t<h4><a class=\"kcc_link\" href=\"https:\/\/housing.urv.cat\/en\/?download=1&#038;kcccount=http:\/\/housing.urv.cat\/wp-content\/uploads\/2021\/03\/WP-32019-righttohousing.pdf\" title=\"Working Paper 3\/2019\" target=\"_blank\">Working Paper 3\/2019<\/a><\/h4>\r\n\t\t<div class=\"kcc_desc\">P. Kenna &amp; H. Sim\u00f3n-Moreno. \"Towards a common standard of protection of the right to housing in Europe through the charter of fundamental rights\". European Law Journal, Vol. 25, Iss. 6, pp. 608-622. https:\/\/doi.org\/10.1111\/eulj.12348<\/div>\r\n\t\t<div class=\"kcc_info\">Downloaded 609 times<\/div>\r\n\t<\/div>\r\n\t\r\n<\/div>\n<\/div><\/section>\n<div  class='hr av-2yobkk-56e4a4973e48b27cac026953662f2c98 hr-default  avia-builder-el-27  el_after_av_textblock  el_before_av_textblock '><span class='hr-inner '><span class=\"hr-inner-style\"><\/span><\/span><\/div>\n<section  class='av_textblock_section av-kq1xoa-20-044da0d10b4492a4e0c7ed011ca47595 '   itemscope=\"itemscope\" itemtype=\"https:\/\/schema.org\/CreativeWork\" ><div class='avia_textblock'  itemprop=\"text\" ><h2><strong>2018<\/strong><\/h2>\n<\/div><\/section>\n<section  class='av_textblock_section av-id2y7u-19-d8f4aa6d36a68dabe2ec6193b756b583 '   itemscope=\"itemscope\" itemtype=\"https:\/\/schema.org\/CreativeWork\" ><div class='avia_textblock'  itemprop=\"text\" ><div class=\"kcc_block\" title=\"Download\">\r\n\t<img decoding=\"async\" class=\"alignleft\" src=\"http:\/\/housing.urv.cat\/wp-content\/uploads\/2018\/10\/icona-personalitzada.png\" alt=\"\" \/>\r\n\r\n\t<div class=\"kcc_info_wrap\">\r\n\t\t<h4><a class=\"kcc_link\" href=\"https:\/\/housing.urv.cat\/en\/?download=1&#038;kcccount=https:\/\/content.sciendo.com\/view\/journals\/admin\/66\/2\/article-p59.xml\" title=\"Paper 1\/2018\" target=\"_blank\">Paper 1\/2018<\/a><\/h4>\r\n\t\t<div class=\"kcc_desc\">S. Nasarre-Aznar, \u201cCollaborative housing and blockchain\u201d, Administration, vol. 66, no. 2 (2018), pp. 59\u201382.<\/div>\r\n\t\t<div class=\"kcc_info\">Downloaded 667 times<\/div>\r\n\t<\/div>\r\n\t\r\n<\/div>\n<div class=\"kcc_block\" title=\"Download\">\r\n\t<img decoding=\"async\" class=\"alignleft\" src=\"http:\/\/housing.urv.cat\/wp-content\/uploads\/2018\/10\/icona-personalitzada.png\" alt=\"\" \/>\r\n\r\n\t<div class=\"kcc_info_wrap\">\r\n\t\t<h4><a class=\"kcc_link\" href=\"https:\/\/housing.urv.cat\/en\/?download=1&#038;kcccount=http:\/\/housing.urv.cat\/wp-content\/uploads\/2019\/03\/Snasarre-Les-blockchains-et-lhabitat-collaboratif.pdf\" title=\"Snasarre-Les-blockchains-et-lhabitat-collaboratif.pdf\" target=\"_blank\">Paper 1\/2018<\/a><\/h4>\r\n\t\t<div class=\"kcc_desc\">S. Nasarre-Aznar, \u201cLes blockchains et l'habitat collaboratif\u201d, Administration, vol. 66, no. 2 (2018), pp. 59\u201382. Translation by Marc Uhry, March 2019.<\/div>\r\n\t\t<div class=\"kcc_info\">Downloaded 649 times<\/div>\r\n\t<\/div>\r\n\t\r\n<\/div>\n<div class=\"kcc_block\" title=\"Download\">\r\n\t<img decoding=\"async\" class=\"alignleft\" src=\"http:\/\/housing.urv.cat\/wp-content\/uploads\/2018\/10\/icona-personalitzada.png\" alt=\"\" \/>\r\n\r\n\t<div class=\"kcc_info_wrap\">\r\n\t\t<h4><a class=\"kcc_link\" href=\"https:\/\/housing.urv.cat\/en\/?download=1&#038;kcccount=https:\/\/papers.ssrn.com\/sol3\/papers.cfm__QUESTION__abstract_id=3216967\" title=\"Paper 2\/2018\" target=\"_blank\">Paper 2\/2018<\/a><\/h4>\r\n\t\t<div class=\"kcc_desc\">R.M. Garcia-Teruel, \u201cRenovations in lieu of rent in Spanish tenancy law\u201d, JPPEL, no. 2 (2018).<\/div>\r\n\t\t<div class=\"kcc_info\">Downloaded 800 times<\/div>\r\n\t<\/div>\r\n\t\r\n<\/div>\n<div class=\"kcc_block\" title=\"Download\">\r\n\t<img decoding=\"async\" class=\"alignleft\" src=\"http:\/\/housing.urv.cat\/wp-content\/uploads\/2018\/10\/icona-personalitzada.png\" alt=\"\" \/>\r\n\r\n\t<div class=\"kcc_info_wrap\">\r\n\t\t<h4><a class=\"kcc_link\" href=\"https:\/\/housing.urv.cat\/en\/?download=1&#038;kcccount=https:\/\/stores.streetlib.com\/en\/elena-bargelli\/new-developments-in-southern-european-housing\" title=\"Paper 3\/2018\" target=\"_blank\">Paper 3\/2018<\/a><\/h4>\r\n\t\t<div class=\"kcc_desc\">R.M. Garcia-Teruel. \u201cRenovation of residential housing stock under tenancy law: a comparative perspective between Southern and Central European countries\u201d. Bargelli &amp; Heitkamp, New Developments in Southern European Housing after the Crisis. Pisa University Press, 2017, pp. 197-216.<\/div>\r\n\t\t<div class=\"kcc_info\">Downloaded 870 times<\/div>\r\n\t<\/div>\r\n\t\r\n<\/div>\n<div class=\"kcc_block\" title=\"Download\">\r\n\t<img decoding=\"async\" class=\"alignleft\" src=\"http:\/\/housing.urv.cat\/wp-content\/uploads\/2018\/10\/icona-personalitzada.png\" alt=\"\" \/>\r\n\r\n\t<div class=\"kcc_info_wrap\">\r\n\t\t<h4><a class=\"kcc_link\" href=\"https:\/\/housing.urv.cat\/en\/?download=1&#038;kcccount=http:\/\/housing.urv.cat\/wp-content\/uploads\/2019\/01\/SNasarreGCaball\u00e9-CHimpactosocial2018.pdf\" title=\"Paper 4\/2018\" target=\"_blank\">Paper 4\/2018<\/a><\/h4>\r\n\t\t<div class=\"kcc_desc\">S. Nasarre Aznar &amp; G. Caball\u00e9 Fabra. \"El impacto social de la investigaci\u00f3n en materia de vivienda. El caso de la C\u00e1tedra Unesco de vivienda de la Universidad Rovira i Virgili\". RIO, No. 21, 2018, 11-41.<\/div>\r\n\t\t<div class=\"kcc_info\">Downloaded 848 times<\/div>\r\n\t<\/div>\r\n\t\r\n<\/div>\n<div class=\"kcc_block\" title=\"Download\">\r\n\t<img decoding=\"async\" class=\"alignleft\" src=\"http:\/\/housing.urv.cat\/wp-content\/uploads\/2018\/10\/icona-personalitzada.png\" alt=\"\" \/>\r\n\r\n\t<div class=\"kcc_info_wrap\">\r\n\t\t<h4><a class=\"kcc_link\" href=\"https:\/\/housing.urv.cat\/en\/?download=1&#038;kcccount=http:\/\/housing.urv.cat\/wp-content\/uploads\/2019\/05\/Sergio-Nasarre_p195-21_Nou-dret-arrendament-La-renda-i-la-seva-actualitzaci\u00f3.pdf\" title=\"Paper 5\/2018\" target=\"_blank\">Paper 5\/2018<\/a><\/h4>\r\n\t\t<div class=\"kcc_desc\">S. Nasarre Aznar, La renta y su actualizaci\u00f3n, S. Nasarre Aznar, H. Sim\u00f3n Moreno y E. Molina Roig, Un nou dret d\u2019arrendaments urbans per a afavorir l\u2019acc\u00e9s a l\u2019habitatge, Atelier, 2018, pp. 195 a 214.<\/div>\r\n\t\t<div class=\"kcc_info\">Downloaded 657 times<\/div>\r\n\t<\/div>\r\n\t\r\n<\/div>\n<div class=\"kcc_block\" title=\"Download\">\r\n\t<img decoding=\"async\" class=\"alignleft\" src=\"http:\/\/housing.urv.cat\/wp-content\/uploads\/2018\/10\/icona-personalitzada.png\" alt=\"\" \/>\r\n\r\n\t<div class=\"kcc_info_wrap\">\r\n\t\t<h4><a class=\"kcc_link\" href=\"https:\/\/housing.urv.cat\/en\/?download=1&#038;kcccount=http:\/\/housing.urv.cat\/wp-content\/uploads\/2019\/04\/WP12018_GCaballe_condohotels.pdf\" title=\"Working Paper 1\/2018\" target=\"_blank\">Working Paper 1\/2018<\/a><\/h4>\r\n\t\t<div class=\"kcc_desc\">G. Caball\u00e9 Fabra. Buying a hotel room in Spain: the \"condohotels\". Journal of Property, Planning and Environmental Law, Vol. 10, Iss. 3, pp. 172-186.<\/div>\r\n\t\t<div class=\"kcc_info\">Downloaded 940 times<\/div>\r\n\t<\/div>\r\n\t\r\n<\/div>\n<\/div><\/section>\n<div  class='hr av-has4ve-c5b781b471f8186a17ec6e8bfaf4f796 hr-default  avia-builder-el-30  el_after_av_textblock  el_before_av_textblock '><span class='hr-inner '><span class=\"hr-inner-style\"><\/span><\/span><\/div>\n<section  class='av_textblock_section av-g8bqwq-758c0d2d724587fde500bdfea11f2b69 '   itemscope=\"itemscope\" itemtype=\"https:\/\/schema.org\/CreativeWork\" ><div class='avia_textblock'  itemprop=\"text\" ><h2><strong>2017<\/strong><\/h2>\n<\/div><\/section>\n<section  class='av_textblock_section av-e9hlcq-ed242dc7a8d876e8e24c7fde0d0d99d8 '   itemscope=\"itemscope\" itemtype=\"https:\/\/schema.org\/CreativeWork\" ><div class='avia_textblock'  itemprop=\"text\" ><div class=\"kcc_block\" title=\"Download\">\r\n\t<img decoding=\"async\" class=\"alignleft\" src=\"http:\/\/housing.urv.cat\/wp-content\/uploads\/2018\/10\/icona-personalitzada.png\" alt=\"\" \/>\r\n\r\n\t<div class=\"kcc_info_wrap\">\r\n\t\t<h4><a class=\"kcc_link\" href=\"https:\/\/housing.urv.cat\/en\/?download=1&#038;kcccount=https:\/\/revistas.ucm.es\/index.php\/CRLA\/article\/download\/54983\/50102\" title=\"Paper 1\/2017\" target=\"_blank\">Paper 1\/2017<\/a><\/h4>\r\n\t\t<div class=\"kcc_desc\">S. Nasarre-Aznar, \u201cCuestionando algunos mitos del acceso a la vivienda en Espa\u00f1a en perspectiva europea\u201d, Cuadernos de Relaciones Laborales, 35(1) 2017, pp. 43 a 69<\/div>\r\n\t\t<div class=\"kcc_info\">Downloaded 1314 times<\/div>\r\n\t<\/div>\r\n\t\r\n<\/div>\n<div class=\"kcc_block\" title=\"Download\">\r\n\t<img decoding=\"async\" class=\"alignleft\" src=\"http:\/\/housing.urv.cat\/wp-content\/uploads\/2018\/10\/icona-personalitzada.png\" alt=\"\" \/>\r\n\r\n\t<div class=\"kcc_info_wrap\">\r\n\t\t<h4><a class=\"kcc_link\" href=\"https:\/\/housing.urv.cat\/en\/?download=1&#038;kcccount=https:\/\/www.cije.up.pt\/en\/download-file\/1647\" title=\"Paper 2\/2017\" target=\"_blank\">Paper 2\/2017<\/a><\/h4>\r\n\t\t<div class=\"kcc_desc\">R.M. Garcia-Teruel, \u201cSpanish law of residential leases: Historical developments and current regulation and trends\u201d, RED: Revista Electr\u00f3nica de Direito, no. 3 (2017).<\/div>\r\n\t\t<div class=\"kcc_info\">Downloaded 668 times<\/div>\r\n\t<\/div>\r\n\t\r\n<\/div>\n<div class=\"kcc_block\" title=\"Download\">\r\n\t<img decoding=\"async\" class=\"alignleft\" src=\"http:\/\/housing.urv.cat\/wp-content\/uploads\/2018\/10\/icona-personalitzada.png\" alt=\"\" \/>\r\n\r\n\t<div class=\"kcc_info_wrap\">\r\n\t\t<h4><a class=\"kcc_link\" href=\"https:\/\/housing.urv.cat\/en\/?download=1&#038;kcccount=http:\/\/housing.urv.cat\/wp-content\/uploads\/2019\/02\/Dol2017_Article_RegionalizationOfHousingPolici.pdf\" title=\"Paper 3\/2017\" target=\"_blank\">Paper 3\/2017<\/a><\/h4>\r\n\t\t<div class=\"kcc_desc\">K. Dol, E. Cruz Mazo, J. Hoekstra, G. Cano Fuentes, A. Etxezarreta Etxarri &amp; N. Lambea Llop. \"Regionalization of housing policies? An explanatory study of Andalusia, Catalonia and the Basque Country\", Journal of Housing and the Built Environment, vol. 32, n\u00fam. 3, 2017, pp. 581-598.<\/div>\r\n\t\t<div class=\"kcc_info\">Downloaded 535 times<\/div>\r\n\t<\/div>\r\n\t\r\n<\/div>\n<div class=\"kcc_block\" title=\"Download\">\r\n\t<img decoding=\"async\" class=\"alignleft\" src=\"http:\/\/housing.urv.cat\/wp-content\/uploads\/2018\/10\/icona-personalitzada.png\" alt=\"\" \/>\r\n\r\n\t<div class=\"kcc_info_wrap\">\r\n\t\t<h4><a class=\"kcc_link\" href=\"https:\/\/housing.urv.cat\/en\/?download=1&#038;kcccount=http:\/\/housing.urv.cat\/wp-content\/uploads\/2019\/02\/WP12017_Nasarre-_Ownership-at-stake.pdf\" title=\"Working Paper 1\/2017\" target=\"_blank\">Working Paper 1\/2017<\/a><\/h4>\r\n\t\t<div class=\"kcc_desc\">Nasarre-Aznar, S. \"Ownership at a stake (once again): housing, digital contents, animals and robots\". JPPEL No. 1\/2018, pp. 69-86.<\/div>\r\n\t\t<div class=\"kcc_info\">Downloaded 758 times<\/div>\r\n\t<\/div>\r\n\t\r\n<\/div>\n<div class=\"kcc_block\" title=\"Download\">\r\n\t<img decoding=\"async\" class=\"alignleft\" src=\"http:\/\/housing.urv.cat\/wp-content\/uploads\/2018\/10\/icona-personalitzada.png\" alt=\"\" \/>\r\n\r\n\t<div class=\"kcc_info_wrap\">\r\n\t\t<h4><a class=\"kcc_link\" href=\"https:\/\/housing.urv.cat\/en\/?download=1&#038;kcccount=http:\/\/housing.urv.cat\/wp-content\/uploads\/2019\/02\/WP22017_NasarreMolina_Challengesrentalmarket.pdf\" title=\"WP22017_NasarreMolina_Challengesrentalmarket.pdf\" target=\"_blank\">Working Paper 2\/2017<\/a><\/h4>\r\n\t\t<div class=\"kcc_desc\">S. Nasarre-Aznar &amp; E. Molina-Roig. \"A legal perspective of the current challenges of the Spanish residential rental market\". International Journal of Law in the Built Environment, vol. 9, Iss. 2\/2017, pp. 108-122.<\/div>\r\n\t\t<div class=\"kcc_info\">Downloaded 887 times<\/div>\r\n\t<\/div>\r\n\t\r\n<\/div>\n<div class=\"kcc_block\" title=\"Download\">\r\n\t<img decoding=\"async\" class=\"alignleft\" src=\"http:\/\/housing.urv.cat\/wp-content\/uploads\/2018\/10\/icona-personalitzada.png\" alt=\"\" \/>\r\n\r\n\t<div class=\"kcc_info_wrap\">\r\n\t\t<h4><a class=\"kcc_link\" href=\"https:\/\/housing.urv.cat\/en\/?download=1&#038;kcccount=http:\/\/housing.urv.cat\/wp-content\/uploads\/2019\/04\/WP32017_Simonetal_sharedownership.pdf\" title=\"Working Paper 3\/2017\" target=\"_blank\">Working Paper 3\/2017<\/a><\/h4>\r\n\t\t<div class=\"kcc_desc\">H. Sim\u00f3n-Moreno, N. Lambea-Llop &amp; R.M. Garcia-Teruel. \"Shared ownership and temporal ownership in Catalan law\". International Journal of Law and the Built Environmentl. Vol. 9, Iss. 1, pp. 63-78.<\/div>\r\n\t\t<div class=\"kcc_info\">Downloaded 877 times<\/div>\r\n\t<\/div>\r\n\t\r\n<\/div>\n<div class=\"kcc_block\" title=\"Download\">\r\n\t<img decoding=\"async\" class=\"alignleft\" src=\"http:\/\/housing.urv.cat\/wp-content\/uploads\/2018\/10\/icona-personalitzada.png\" alt=\"\" \/>\r\n\r\n\t<div class=\"kcc_info_wrap\">\r\n\t\t<h4><a class=\"kcc_link\" href=\"https:\/\/housing.urv.cat\/en\/?download=1&#038;kcccount=http:\/\/housing.urv.cat\/wp-content\/uploads\/2019\/07\/WP42017NLambea-policy-approach.pdf\" title=\"Working Paper 4\/2017\" target=\"_blank\">Working Paper 4\/2017<\/a><\/h4>\r\n\t\t<div class=\"kcc_desc\">N. Lambea Llop. \"A policy approach to the impact of tourist dwellings in condominiums and neighbourhoods in Barcelona\". Urban Research &amp; Practice, 10, 1\/2017, pp. 120-129.<\/div>\r\n\t\t<div class=\"kcc_info\">Downloaded 913 times<\/div>\r\n\t<\/div>\r\n\t\r\n<\/div>\n<\/div><\/section>\n<div  class='hr av-cf4m9m-8ec2bec29b8682ecc6970fc84a8bb2c4 hr-default  avia-builder-el-33  el_after_av_textblock  el_before_av_textblock '><span class='hr-inner '><span class=\"hr-inner-style\"><\/span><\/span><\/div>\n<section  class='av_textblock_section av-a3jcxm-0c87ddc531b1a98530178573c9078b34 '   itemscope=\"itemscope\" itemtype=\"https:\/\/schema.org\/CreativeWork\" ><div class='avia_textblock'  itemprop=\"text\" ><h2><strong>2016<\/strong><\/h2>\n<\/div><\/section>\n<section  class='av_textblock_section av-9qflwq-ec8850b75f3b79b6c9a6cfd8a72c598a '   itemscope=\"itemscope\" itemtype=\"https:\/\/schema.org\/CreativeWork\" ><div class='avia_textblock'  itemprop=\"text\" ><div class=\"kcc_block\" title=\"Download\">\r\n\t<img decoding=\"async\" class=\"alignleft\" src=\"http:\/\/housing.urv.cat\/wp-content\/uploads\/2018\/10\/icona-personalitzada.png\" alt=\"\" \/>\r\n\r\n\t<div class=\"kcc_info_wrap\">\r\n\t\t<h4><a class=\"kcc_link\" href=\"https:\/\/housing.urv.cat\/en\/?download=1&#038;kcccount=http:\/\/ec.europa.eu\/social\/BlobServlet__QUESTION__docId=15544__AMPERSAND__amp;langId=en\" title=\"ec.europa.eu\/social\/BlobServlet\" target=\"_blank\">ec.europa.eu\/social\/BlobServlet<\/a><\/h4>\r\n\t\t<div class=\"kcc_desc\"><\/div>\r\n\t\t<div class=\"kcc_info\">Downloaded 705 times<\/div>\r\n\t<\/div>\r\n\t\r\n<\/div>\n<div class=\"kcc_block\" title=\"Download\">\r\n\t<img decoding=\"async\" class=\"alignleft\" src=\"http:\/\/housing.urv.cat\/wp-content\/uploads\/2018\/10\/icona-personalitzada.png\" alt=\"\" \/>\r\n\r\n\t<div class=\"kcc_info_wrap\">\r\n\t\t<h4><a class=\"kcc_link\" href=\"https:\/\/housing.urv.cat\/en\/?download=1&#038;kcccount=http:\/\/www.europarl.europa.eu\/RegData\/etudes\/STUD\/2016\/556936\/IPOL_STU(2016)556936_EN.pdf\" title=\"Report 2\/2016\" target=\"_blank\">Report 2\/2016<\/a><\/h4>\r\n\t\t<div class=\"kcc_desc\">P. Sparkes et al., \u201cCross Border Acquisitions of Residential Property in the EU: Problems Encountered by Citizens\u201d, DG for Internal Policies, Citizens\u2019 Rights and Constitutional Affairs, European Parliament , PE 556.936, Publications Office.<\/div>\r\n\t\t<div class=\"kcc_info\">Downloaded 1853 times<\/div>\r\n\t<\/div>\r\n\t\r\n<\/div>\n<div class=\"kcc_block\" title=\"Download\">\r\n\t<img decoding=\"async\" class=\"alignleft\" src=\"http:\/\/housing.urv.cat\/wp-content\/uploads\/2018\/10\/icona-personalitzada.png\" alt=\"\" \/>\r\n\r\n\t<div class=\"kcc_info_wrap\">\r\n\t\t<h4><a class=\"kcc_link\" href=\"https:\/\/housing.urv.cat\/en\/?download=1&#038;kcccount=http:\/\/revistes.eapc.gencat.cat\/index.php\/rcdp\/article\/view\/10.2436-20.8030.01.69\/n52-lambea-en.pdf\" title=\"Paper 3\/2016\" target=\"_blank\">Paper 3\/2016<\/a><\/h4>\r\n\t\t<div class=\"kcc_desc\">N. Lambea Llop \"Social housing management models in Spain\", Revista Catalana de Dret P\u00fablic, n\u00fam. 52, juny 2016. pp. 115-128.<\/div>\r\n\t\t<div class=\"kcc_info\">Downloaded 1045 times<\/div>\r\n\t<\/div>\r\n\t\r\n<\/div>\n<div class=\"kcc_block\" title=\"Download\">\r\n\t<img decoding=\"async\" class=\"alignleft\" src=\"http:\/\/housing.urv.cat\/wp-content\/uploads\/2018\/10\/icona-personalitzada.png\" alt=\"\" \/>\r\n\r\n\t<div class=\"kcc_info_wrap\">\r\n\t\t<h4><a class=\"kcc_link\" href=\"https:\/\/housing.urv.cat\/en\/?download=1&#038;kcccount=http:\/\/housing.urv.cat\/wp-content\/uploads\/2019\/07\/WP12016_Simon_crowdfunding.pdf\" title=\"Working Paper 1\/2016\" target=\"_blank\">Working Paper 1\/2016<\/a><\/h4>\r\n\t\t<div class=\"kcc_desc\">H. Sim\u00f3n Moreno. \"The legal framwork on crowdfunding in Spain\". International Journal for Financial Services, No. 4\/2016, pp. 13-27.<\/div>\r\n\t\t<div class=\"kcc_info\">Downloaded 663 times<\/div>\r\n\t<\/div>\r\n\t\r\n<\/div>\n<\/div><\/section>\n<div  class='hr av-7lr6wq-43854c44c6b73beca8e6b12361c15443 hr-default  avia-builder-el-36  el_after_av_textblock  el_before_av_textblock '><span class='hr-inner '><span class=\"hr-inner-style\"><\/span><\/span><\/div>\n<section  class='av_textblock_section av-5d3ll6-5013846a15d3e66a07ad136f7d0aadeb '   itemscope=\"itemscope\" itemtype=\"https:\/\/schema.org\/CreativeWork\" ><div class='avia_textblock'  itemprop=\"text\" ><h2><strong>2015<\/strong><\/h2>\n<\/div><\/section>\n<section  class='av_textblock_section av-3s1796-dc71b0a8479c42476f0cbca36cd6036a '   itemscope=\"itemscope\" itemtype=\"https:\/\/schema.org\/CreativeWork\" ><div class='avia_textblock'  itemprop=\"text\" ><div class=\"kcc_block\" title=\"Download\">\r\n\t<img decoding=\"async\" class=\"alignleft\" src=\"http:\/\/housing.urv.cat\/wp-content\/uploads\/2018\/10\/icona-personalitzada.png\" alt=\"\" \/>\r\n\r\n\t<div class=\"kcc_info_wrap\">\r\n\t\t<h4><a class=\"kcc_link\" href=\"https:\/\/housing.urv.cat\/en\/?download=1&#038;kcccount=http:\/\/llibres.urv.cat\/index.php\/purv\/catalog\/download\/153\/137\/315-2__QUESTION__inline=1\" title=\"Paper 1\/2015\" target=\"_blank\">Paper 1\/2015<\/a><\/h4>\r\n\t\t<div class=\"kcc_desc\">Molina Roig, E. Garcia Teruel, R. M. \"El abandono de la vivienda por el inquilino. \u00bfC\u00f3mo afecta a su acceso al mercado de alquiler?\". Belzunegui, A. La vivienda en crisis: la promoci\u00f3n del alquiler y del alquiler social desde una perspectiva comparada. Publicacions URV, 2015.<\/div>\r\n\t\t<div class=\"kcc_info\">Downloaded 623 times<\/div>\r\n\t<\/div>\r\n\t\r\n<\/div>\n<div class=\"kcc_block\" title=\"Download\">\r\n\t<img decoding=\"async\" class=\"alignleft\" src=\"http:\/\/housing.urv.cat\/wp-content\/uploads\/2018\/10\/icona-personalitzada.png\" alt=\"\" \/>\r\n\r\n\t<div class=\"kcc_info_wrap\">\r\n\t\t<h4><a class=\"kcc_link\" href=\"https:\/\/housing.urv.cat\/en\/?download=1&#038;kcccount=http:\/\/housing.urv.cat\/wp-content\/uploads\/2019\/01\/WP12015_NasarreSimon_Protecci\u00f3n-consumidores.pdf\" title=\"Working Paper 1\/2015\" target=\"_blank\">Working Paper 1\/2015<\/a><\/h4>\r\n\t\t<div class=\"kcc_desc\">S. Nasarre Aznar y H. Sim\u00f3n Moreno. \"Un paso m\u00e1s en la protecci\u00f3n de los deudores hipotecarios de vivienda: la Directiva 2014\/17\/UE y la reforma del c\u00f3digo de Consumo de Catalu\u00f1a por Ley 20\/2014\". Revista de Derecho Bancario y Burs\u00e1til, No. 139\/2015, pp. 11-55.<\/div>\r\n\t\t<div class=\"kcc_info\">Downloaded 850 times<\/div>\r\n\t<\/div>\r\n\t\r\n<\/div>\n<div class=\"kcc_block\" title=\"Download\">\r\n\t<img decoding=\"async\" class=\"alignleft\" src=\"http:\/\/housing.urv.cat\/wp-content\/uploads\/2018\/10\/icona-personalitzada.png\" alt=\"\" \/>\r\n\r\n\t<div class=\"kcc_info_wrap\">\r\n\t\t<h4><a class=\"kcc_link\" href=\"https:\/\/housing.urv.cat\/en\/?download=1&#038;kcccount=http:\/\/housing.urv.cat\/wp-content\/uploads\/2019\/02\/WP22015_Nasarre_legalreforms.pdf\" title=\"WP22015_Nasarre_legalreforms.pdf\" target=\"_blank\">Working Paper 2\/2015<\/a><\/h4>\r\n\t\t<div class=\"kcc_desc\">S. Nasarre-Aznar. \"Legal housing reforms in Europe and in Spain as a results of the international crisis 2007\". Revue de Droit Bancaire et Financi\u00e8re, No. 2\/2015.<\/div>\r\n\t\t<div class=\"kcc_info\">Downloaded 752 times<\/div>\r\n\t<\/div>\r\n\t\r\n<\/div>\n<div class=\"kcc_block\" title=\"Download\">\r\n\t<img decoding=\"async\" class=\"alignleft\" src=\"http:\/\/housing.urv.cat\/wp-content\/uploads\/2018\/10\/icona-personalitzada.png\" alt=\"\" \/>\r\n\r\n\t<div class=\"kcc_info_wrap\">\r\n\t\t<h4><a class=\"kcc_link\" href=\"https:\/\/housing.urv.cat\/en\/?download=1&#038;kcccount=http:\/\/housing.urv.cat\/wp-content\/uploads\/2019\/02\/WP32015_Nasarre_Robinhoodian-3.pdf\" title=\"WP32015_Nasarre_Robinhoodian-3.pdf\" target=\"_blank\">Working Paper 3\/2015<\/a><\/h4>\r\n\t\t<div class=\"kcc_desc\">S. Nasarre-Aznar. \"Robinhoodian courts' decisions on mortgage law in Spain\". International Journal of Law in the Built Environment, vol. 7, Iss. 2\/2015, pp. 127-147.<\/div>\r\n\t\t<div class=\"kcc_info\">Downloaded 913 times<\/div>\r\n\t<\/div>\r\n\t\r\n<\/div>\n<div class=\"kcc_block\" title=\"Download\">\r\n\t<img decoding=\"async\" class=\"alignleft\" src=\"http:\/\/housing.urv.cat\/wp-content\/uploads\/2018\/10\/icona-personalitzada.png\" alt=\"\" \/>\r\n\r\n\t<div class=\"kcc_info_wrap\">\r\n\t\t<h4><a class=\"kcc_link\" href=\"https:\/\/housing.urv.cat\/en\/?download=1&#038;kcccount=http:\/\/housing.urv.cat\/wp-content\/uploads\/2019\/07\/WP42015_Simon_inducements.pdf\" title=\"Working Paper 4\/2015\" target=\"_blank\">Working Paper 4\/2015<\/a><\/h4>\r\n\t\t<div class=\"kcc_desc\">H. Sim\u00f3n Moreno. The regulation of inducements in Spain. International Journal for Financial Services, No. 2\/2015, pp- 24-29.<\/div>\r\n\t\t<div class=\"kcc_info\">Downloaded 787 times<\/div>\r\n\t<\/div>\r\n\t\r\n<\/div>\n<div class=\"kcc_block\" title=\"Download\">\r\n\t<img decoding=\"async\" class=\"alignleft\" src=\"http:\/\/housing.urv.cat\/wp-content\/uploads\/2018\/10\/icona-personalitzada.png\" alt=\"\" \/>\r\n\r\n\t<div class=\"kcc_info_wrap\">\r\n\t\t<h4><a class=\"kcc_link\" href=\"https:\/\/housing.urv.cat\/en\/?download=1&#038;kcccount=http:\/\/housing.urv.cat\/wp-content\/uploads\/2019\/07\/WP52015-derecho-a-la-vivienda.pdf\" title=\"Working Paper 5\/2015\" target=\"_blank\">Working Paper 5\/2015<\/a><\/h4>\r\n\t\t<div class=\"kcc_desc\">H. Sim\u00f3n Moreno. El cumplimiento del derecho a la vivienda en Espa\u00f1a. Especial referencia a la asequibilidad, estabilidad y accesibilidad en el acceso a la vivienda. Revista Pr\u00e1ctica de Derecho CEFLegal, No. 169, pp. 105-156.<\/div>\r\n\t\t<div class=\"kcc_info\">Downloaded 1132 times<\/div>\r\n\t<\/div>\r\n\t\r\n<\/div>\n<\/div><\/section>\n<div  class='hr av-2lbs16-52c39d80958b34cb7d95f8c91b74cb72 hr-default  avia-builder-el-39  el_after_av_textblock  el_before_av_textblock '><span class='hr-inner '><span class=\"hr-inner-style\"><\/span><\/span><\/div>\n<section  class='av_textblock_section av-5d3ll6-18-9bc7a75a7205a15f102411877d8ab3c3 '   itemscope=\"itemscope\" itemtype=\"https:\/\/schema.org\/CreativeWork\" ><div class='avia_textblock'  itemprop=\"text\" ><h2><strong>2014<\/strong><\/h2>\n<\/div><\/section>\n<section  class='av_textblock_section av-3s1796-17-2ed0b94facf6d5066ef90118b8695e33 '   itemscope=\"itemscope\" itemtype=\"https:\/\/schema.org\/CreativeWork\" ><div class='avia_textblock'  itemprop=\"text\" ><div class=\"kcc_block\" title=\"Download\">\r\n\t<img decoding=\"async\" class=\"alignleft\" src=\"http:\/\/housing.urv.cat\/wp-content\/uploads\/2018\/10\/icona-personalitzada.png\" alt=\"\" \/>\r\n\r\n\t<div class=\"kcc_info_wrap\">\r\n\t\t<h4><a class=\"kcc_link\" href=\"https:\/\/housing.urv.cat\/en\/?download=1&#038;kcccount=http:\/\/housing.urv.cat\/wp-content\/uploads\/2019\/02\/WP12014_Nasarre_viviendaenpropiedad.pdf\" title=\"WP12014_Nasarre_viviendaenpropiedad.pdf\" target=\"_blank\">Working Paper 1\/2014<\/a><\/h4>\r\n\t\t<div class=\"kcc_desc\">S. Nasarre Aznar. \"La vivienda en propiedad como causa y v\u00edctima de la crisis hipotecaria\". Teor\u00eda y Derecho: revista del pensamiento jur\u00eddico No. 16\/2014, pp. 10-37.<\/div>\r\n\t\t<div class=\"kcc_info\">Downloaded 918 times<\/div>\r\n\t<\/div>\r\n\t\r\n<\/div>\n<div class=\"kcc_block\" title=\"Download\">\r\n\t<img decoding=\"async\" class=\"alignleft\" src=\"http:\/\/housing.urv.cat\/wp-content\/uploads\/2018\/10\/icona-personalitzada.png\" alt=\"\" \/>\r\n\r\n\t<div class=\"kcc_info_wrap\">\r\n\t\t<h4><a class=\"kcc_link\" href=\"https:\/\/housing.urv.cat\/en\/?download=1&#038;kcccount=http:\/\/housing.urv.cat\/wp-content\/uploads\/2019\/02\/WP22014_Nasarre_Leases.pdf\" title=\"WP22014_Nasarre_Leases.pdf\" target=\"_blank\">Working Paper 2\/2014<\/a><\/h4>\r\n\t\t<div class=\"kcc_desc\">S. Nasarre-Aznar. \"Leases as an alternative to homeownership in Europe. Some key legal aspects\". European Review of Private Law, vol. 22, Iss. 6\/2014, pp. 815-846.<\/div>\r\n\t\t<div class=\"kcc_info\">Downloaded 854 times<\/div>\r\n\t<\/div>\r\n\t\r\n<\/div>\n<div class=\"kcc_block\" title=\"Download\">\r\n\t<img decoding=\"async\" class=\"alignleft\" src=\"http:\/\/housing.urv.cat\/wp-content\/uploads\/2018\/10\/icona-personalitzada.png\" alt=\"\" \/>\r\n\r\n\t<div class=\"kcc_info_wrap\">\r\n\t\t<h4><a class=\"kcc_link\" href=\"https:\/\/housing.urv.cat\/en\/?download=1&#038;kcccount=http:\/\/housing.urv.cat\/wp-content\/uploads\/2019\/02\/WP32014_Hsimon_TEDH-1.pdf\" title=\"Working Paper 3\/2014\" target=\"_blank\">Working Paper 3\/2014<\/a><\/h4>\r\n\t\t<div class=\"kcc_desc\">H. Sim\u00f3n Moreno. \"La jurisprudencia del Tribunal Europeo de Derechos Humanos sobre la vivienda en relaci\u00f3n al Derecho espa\u00f1ol\". Teor\u00eda y Derecho: revista de pensamiento jur\u00eddico, No. 16\/2014, pp. 162-187.<\/div>\r\n\t\t<div class=\"kcc_info\">Downloaded 1239 times<\/div>\r\n\t<\/div>\r\n\t\r\n<\/div>\n<div class=\"kcc_block\" title=\"Download\">\r\n\t<img decoding=\"async\" class=\"alignleft\" src=\"http:\/\/housing.urv.cat\/wp-content\/uploads\/2018\/10\/icona-personalitzada.png\" alt=\"\" \/>\r\n\r\n\t<div class=\"kcc_info_wrap\">\r\n\t\t<h4><a class=\"kcc_link\" href=\"https:\/\/housing.urv.cat\/en\/?download=1&#038;kcccount=http:\/\/housing.urv.cat\/wp-content\/uploads\/2021\/03\/Working-Paper-4-Prof.-Dr.-Christoph-U.-Schmid.pdf\" title=\"Working Paper 4\/2014\" target=\"_blank\">Working Paper 4\/2014<\/a><\/h4>\r\n\t\t<div class=\"kcc_desc\">C. U. Schmid. \"Los arrendamientos de vivienda en Europa\", Working Paper 4\/2014, C\u00e1tedra UNESCO de Vivienda, Universidad Rovira i Virgili. Traducci\u00f3n a cargo de L. J. Capote P\u00e9rez.<\/div>\r\n\t\t<div class=\"kcc_info\">Downloaded 937 times<\/div>\r\n\t<\/div>\r\n\t\r\n<\/div>\n<div class=\"kcc_block\" title=\"Download\">\r\n\t<img decoding=\"async\" class=\"alignleft\" src=\"http:\/\/housing.urv.cat\/wp-content\/uploads\/2018\/10\/icona-personalitzada.png\" alt=\"\" \/>\r\n\r\n\t<div class=\"kcc_info_wrap\">\r\n\t\t<h4><a class=\"kcc_link\" href=\"https:\/\/housing.urv.cat\/en\/?download=1&#038;kcccount=http:\/\/housing.urv.cat\/wp-content\/uploads\/2021\/03\/WP52014-leases.pdf\" title=\"Working Paper 5\/2014\" target=\"_blank\">Working Paper 5\/2014<\/a><\/h4>\r\n\t\t<div class=\"kcc_desc\">S. Nasarre-Aznar. M. Olinda Garcia. K. Xerri. \u00bfPuede ser el alquiler una alternativa real al dominio como forma de acceso a la vivienda? Una comparativa legal Portugal-Espa\u00f1a-Malta, Teor\u00eda y Derecho: Revista de Pensamiento Jur\u00eddico, n\u00fam. 16, 2014, pp. 188-217.<\/div>\r\n\t\t<div class=\"kcc_info\">Downloaded 998 times<\/div>\r\n\t<\/div>\r\n\t\r\n<\/div>\n<\/div><\/section>\n<div  class='hr av-2lbs16-16-948a2dfd53bb2b57f66f7b5d54d1edfe hr-default  avia-builder-el-42  el_after_av_textblock  el_before_av_textblock '><span class='hr-inner '><span class=\"hr-inner-style\"><\/span><\/span><\/div>\n<section  class='av_textblock_section av-5d3ll6-15-b04f0417b7067bb67a92756492935207 '   itemscope=\"itemscope\" itemtype=\"https:\/\/schema.org\/CreativeWork\" ><div class='avia_textblock'  itemprop=\"text\" ><h2><strong>2013<\/strong><\/h2>\n<\/div><\/section>\n<section  class='av_textblock_section av-3s1796-14-a2cf6bc919da3c1c1658df3933be0125 '   itemscope=\"itemscope\" itemtype=\"https:\/\/schema.org\/CreativeWork\" ><div class='avia_textblock'  itemprop=\"text\" ><div class=\"kcc_block\" title=\"Download\">\r\n\t<img decoding=\"async\" class=\"alignleft\" src=\"http:\/\/housing.urv.cat\/wp-content\/uploads\/2018\/10\/icona-personalitzada.png\" alt=\"\" \/>\r\n\r\n\t<div class=\"kcc_info_wrap\">\r\n\t\t<h4><a class=\"kcc_link\" href=\"https:\/\/housing.urv.cat\/en\/?download=1&#038;kcccount=http:\/\/housing.urv.cat\/wp-content\/uploads\/2019\/01\/WP12013_NasarreSim\u00f3n_Fraccionandodominio.pdf\" title=\"Working Paper 1\/2013\" target=\"_blank\">Working Paper 1\/2013<\/a><\/h4>\r\n\t\t<div class=\"kcc_desc\">S. Nasarre Aznar &amp; H. Sim\u00f3n Moreno. \"Fraccionando el dominio: las tenencias intermedias para facilitar el acceso a la vivienda\". RCDI No. 739, 2013, pp. 3063-3122.<\/div>\r\n\t\t<div class=\"kcc_info\">Downloaded 1184 times<\/div>\r\n\t<\/div>\r\n\t\r\n<\/div>\n<\/div><\/section>\n","protected":false},"excerpt":{"rendered":"","protected":false},"author":1,"featured_media":0,"parent":3244,"menu_order":0,"comment_status":"closed","ping_status":"closed","template":"","meta":{"footnotes":"","_wp_rev_ctl_limit":""},"class_list":["post-4036","page","type-page","status-publish","hentry"],"_links":{"self":[{"href":"https:\/\/housing.urv.cat\/en\/wp-json\/wp\/v2\/pages\/4036","targetHints":{"allow":["GET"]}}],"collection":[{"href":"https:\/\/housing.urv.cat\/en\/wp-json\/wp\/v2\/pages"}],"about":[{"href":"https:\/\/housing.urv.cat\/en\/wp-json\/wp\/v2\/types\/page"}],"author":[{"embeddable":true,"href":"https:\/\/housing.urv.cat\/en\/wp-json\/wp\/v2\/users\/1"}],"replies":[{"embeddable":true,"href":"https:\/\/housing.urv.cat\/en\/wp-json\/wp\/v2\/comments?post=4036"}],"version-history":[{"count":5,"href":"https:\/\/housing.urv.cat\/en\/wp-json\/wp\/v2\/pages\/4036\/revisions"}],"predecessor-version":[{"id":43198,"href":"https:\/\/housing.urv.cat\/en\/wp-json\/wp\/v2\/pages\/4036\/revisions\/43198"}],"up":[{"embeddable":true,"href":"https:\/\/housing.urv.cat\/en\/wp-json\/wp\/v2\/pages\/3244"}],"wp:attachment":[{"href":"https:\/\/housing.urv.cat\/en\/wp-json\/wp\/v2\/media?parent=4036"}],"curies":[{"name":"wp","href":"https:\/\/api.w.org\/{rel}","templated":true}]}}